{"id":14,"date":"2023-06-06T11:19:16","date_gmt":"2023-06-06T11:19:16","guid":{"rendered":"https:\/\/www.zuhause-in-wersten.de\/?page_id=14"},"modified":"2026-04-24T12:33:30","modified_gmt":"2026-04-24T12:33:30","slug":"termine","status":"publish","type":"page","link":"https:\/\/www.zuhause-in-wersten.de\/index.php\/termine\/","title":{"rendered":"Termine"},"content":{"rendered":"<section class=\"l-section wpb_row height_auto width_full\"><div class=\"l-section-h i-cf\"><div class=\"g-cols vc_row via_flex valign_top type_default stacking_default\"><div class=\"vc_col-sm-12 wpb_column vc_column_container\"><div class=\"vc_column-inner\"><div class=\"wpb_wrapper\"><div class=\"w-slider style_none fit_scaledown nav_none count_3\"><div class=\"w-slider-h\" aria-hidden=\"true\"><div class=\"royalSlider\"><div class=\"rsContent\"><a class=\"rsImg\" data-rsw=\"1140\" data-rsh=\"285\" href=\"https:\/\/www.zuhause-in-wersten.de\/wp-content\/uploads\/2024\/10\/2308_Sommerfest-bearb.jpg\"><span data-alt=\"\"><\/span><\/a><\/div><div class=\"rsContent\"><a class=\"rsImg\" data-rsw=\"1140\" data-rsh=\"285\" href=\"https:\/\/www.zuhause-in-wersten.de\/wp-content\/uploads\/2024\/10\/2308_Sommerfest-bearb-2.jpg\"><span data-alt=\"\"><\/span><\/a><\/div><div class=\"rsContent\"><a class=\"rsImg\" data-rsw=\"1140\" data-rsh=\"285\" href=\"https:\/\/www.zuhause-in-wersten.de\/wp-content\/uploads\/2024\/10\/2308_Sommerfest-bearb-3-Kopie.jpg\"><span data-alt=\"\"><\/span><\/a><\/div><\/div><img decoding=\"async\" src=\"https:\/\/www.zuhause-in-wersten.de\/wp-content\/uploads\/2024\/10\/2308_Sommerfest-bearb.jpg\" width=\"1140\" height=\"285\" alt loading=\"lazy\"><\/div><div class=\"w-slider-json\" onclick='return {&quot;autoScaleSlider&quot;:true,&quot;addActiveClass&quot;:true,&quot;loop&quot;:true,&quot;fadeInLoadedSlide&quot;:false,&quot;slidesSpacing&quot;:0,&quot;imageScalePadding&quot;:0,&quot;numImagesToPreload&quot;:2,&quot;arrowsNav&quot;:true,&quot;arrowsNavAutoHide&quot;:false,&quot;transitionType&quot;:&quot;fade&quot;,&quot;transitionSpeed&quot;:250,&quot;block&quot;:{&quot;moveEffect&quot;:&quot;none&quot;,&quot;speed&quot;:300},&quot;thumbs&quot;:{&quot;fitInViewport&quot;:false,&quot;firstMargin&quot;:false,&quot;spacing&quot;:4},&quot;controlNavigation&quot;:&quot;none&quot;,&quot;autoplay&quot;:{&quot;enabled&quot;:true,&quot;pauseOnHover&quot;:false,&quot;delay&quot;:3000},&quot;autoScaleSliderWidth&quot;:1140,&quot;autoScaleSliderHeight&quot;:285}'><\/div><\/div><\/div><\/div><\/div><\/div><\/div><\/section><section class=\"l-section wpb_row height_medium\"><div class=\"l-section-h i-cf\"><div class=\"g-cols vc_row via_flex valign_top type_default stacking_default\"><div class=\"vc_col-sm-3 wpb_column vc_column_container\"><div class=\"vc_column-inner\"><div class=\"wpb_wrapper\"><div class=\"wpb_text_column\"><div class=\"wpb_wrapper\"><h2>Mai<\/h2>\n<\/div><\/div><\/div><\/div><\/div><div class=\"vc_col-sm-6 wpb_column vc_column_container\"><div class=\"vc_column-inner\"><div class=\"wpb_wrapper\"><div class=\"wpb_text_column\"><div class=\"wpb_wrapper\"><h4>Willkommen Fr\u00fchling, Wilkommen Kirschb\u00e4ume<\/h4>\n<p>Am 14.04. sind vier neue Kirschb\u00e4ume an den Blauen S\u00e4ulen gepflanzt worden und wir und die SWD haben sie schon durch einige B\u00e4nke erg\u00e4nzt<\/p>\n<p>Im Mai begr\u00fc\u00dfen wir sie gemeinsam. Den Termin geben wir noch bekannt.<\/p>\n<\/div><\/div><div class=\"w-separator size_large\"><\/div><div class=\"w-image align_none\"><div class=\"w-image-h\"><img decoding=\"async\" width=\"724\" height=\"1024\" src=\"https:\/\/www.zuhause-in-wersten.de\/wp-content\/uploads\/2026\/04\/260420_Aushang-724x1024.jpg\" class=\"attachment-large size-large\" alt=\"\" loading=\"lazy\" srcset=\"https:\/\/www.zuhause-in-wersten.de\/wp-content\/uploads\/2026\/04\/260420_Aushang-724x1024.jpg 724w, https:\/\/www.zuhause-in-wersten.de\/wp-content\/uploads\/2026\/04\/260420_Aushang-212x300.jpg 212w, https:\/\/www.zuhause-in-wersten.de\/wp-content\/uploads\/2026\/04\/260420_Aushang-scaled.jpg 1809w\" sizes=\"auto, (max-width: 724px) 100vw, 724px\" \/><\/div><\/div><div class=\"wpb_text_column\"><div class=\"wpb_wrapper\"><p>F\u00fcr alle, die Fragen, Anmerkungen oder Ideen haben, l\u00e4dt die Bezirksvertretung im regelm\u00e4\u00dfig zur Sprechstunde ein. Besonders interessant: der Termin in Wersten findet dieses Halbjahr am <strong>Donnerstag, den 18. Mai von 17 bis 18 Uhr<\/strong> in der <strong>Stadtteilb\u00fccherei Wersten<\/strong> in der <strong>Liebfrauenstra\u00dfe 1<\/strong> statt. Alle Interessierten sind herzlich eingeladen, vorbei- und miteinander ins Gespr\u00e4ch zu kommen.<\/p>\n<\/div><\/div><div class=\"w-separator size_large\"><\/div><div class=\"w-image align_none\"><div class=\"w-image-h\"><img decoding=\"async\" width=\"549\" height=\"771\" src=\"https:\/\/www.zuhause-in-wersten.de\/wp-content\/uploads\/2026\/04\/260416_Kunstpalast.png\" class=\"attachment-large size-large\" alt=\"\" loading=\"lazy\" srcset=\"https:\/\/www.zuhause-in-wersten.de\/wp-content\/uploads\/2026\/04\/260416_Kunstpalast.png 549w, https:\/\/www.zuhause-in-wersten.de\/wp-content\/uploads\/2026\/04\/260416_Kunstpalast-214x300.png 214w\" sizes=\"auto, (max-width: 549px) 100vw, 549px\" \/><\/div><\/div><div class=\"w-separator size_small\"><\/div><div class=\"wpb_text_column\"><div class=\"wpb_wrapper\"><p>Der Kunstpalast wird zum Treffpunkt \u2013 und Wersten ist herzlich eingeladen: am <strong>Freitag, 22. Mai 2026, von 18 bis 21 Uhr<\/strong>.<\/p>\n<p>Nach und nach l\u00e4dt der Kunstpalast alle BewohnerInnen ausgew\u00e4hlter Stadtteile zu einem Abend voller Ausstellungen, Livemusik, Familienprogramm, Gespr\u00e4chen und F\u00fchrungen ein. Das Ziel: Nachbarschaften st\u00e4rken und Menschen zusammenzubringen und das unabh\u00e4ngig von Alter, Geschlecht oder Herkunft. Damit will der Kunstpalast Zusammenhalt st\u00e4rken und die Kommunikation untereinander f\u00f6rdern.<\/p>\n<p>F\u00fcr alle WerstenerInnen ist der Eintritt an diesem Abend frei und auch kostenlose Rheinbahn-Tickets stellt der Kunstpalast bei Bedarf zur Verf\u00fcgung.<\/p>\n<p>Interesse? Die Anmeldung findet sich <a href=\"https:\/\/event.kunstpalast.de\/anmeldung-deinkunstpalast\">hier<\/a>.<br \/>\nDie Anfahrt zum Kunstpalast k\u00f6nnen Interessierte <a href=\"https:\/\/www.kunstpalast.de\/de\/besuch\/#Anfahrt\">hier<\/a> planen.<\/p>\n<p>Bei R\u00fcckfragen ist der Kunstpalast auch telefonisch zu erreichen: 0211 56642 520 oder 0211 56642 160<\/p>\n<\/div><\/div><div class=\"w-separator size_large\"><\/div><div class=\"w-image align_none\"><div class=\"w-image-h\"><img decoding=\"async\" width=\"1000\" height=\"712\" src=\"https:\/\/www.zuhause-in-wersten.de\/wp-content\/uploads\/2024\/07\/240523_Einladg-Rueckseite-red-1600-e1775747601580-1024x729.jpg\" class=\"attachment-large size-large\" alt=\"\" loading=\"lazy\" srcset=\"https:\/\/www.zuhause-in-wersten.de\/wp-content\/uploads\/2024\/07\/240523_Einladg-Rueckseite-red-1600-e1775747601580-1024x729.jpg 1024w, https:\/\/www.zuhause-in-wersten.de\/wp-content\/uploads\/2024\/07\/240523_Einladg-Rueckseite-red-1600-e1775747601580-300x214.jpg 300w, https:\/\/www.zuhause-in-wersten.de\/wp-content\/uploads\/2024\/07\/240523_Einladg-Rueckseite-red-1600-e1775747601580.jpg 1488w\" sizes=\"auto, (max-width: 1000px) 100vw, 1000px\" \/><\/div><\/div><div class=\"wpb_text_column\"><div class=\"wpb_wrapper\"><h4>***Coming soon &#8211; neue Malking-Termine***<\/h4>\n<p>Wir bleiben am Ball mit unserem Einsatz f\u00fcr eine bessere Quartierssauberkeit: in K\u00fcrze finden hier die Termine f\u00fcr eine neue Serie &#8218;Malking&#8216;<\/p>\n<\/div><\/div><\/div><\/div><\/div><div class=\"vc_col-sm-3 wpb_column vc_column_container\"><div class=\"vc_column-inner\"><div class=\"wpb_wrapper\"><\/div><\/div><\/div><\/div><\/div><\/section><section class=\"l-section wpb_row height_medium\"><div class=\"l-section-h i-cf\"><div class=\"g-cols vc_row via_flex valign_top type_default stacking_default\"><div class=\"vc_col-sm-3 wpb_column vc_column_container\"><div class=\"vc_column-inner\"><div class=\"wpb_wrapper\"><div class=\"wpb_text_column\"><div class=\"wpb_wrapper\"><h2>Juni<\/h2>\n<\/div><\/div><\/div><\/div><\/div><div class=\"vc_col-sm-6 wpb_column vc_column_container\"><div class=\"vc_column-inner\"><div class=\"wpb_wrapper\"><div class=\"w-image align_none\"><div class=\"w-image-h\"><img decoding=\"async\" width=\"819\" height=\"1024\" src=\"https:\/\/www.zuhause-in-wersten.de\/wp-content\/uploads\/2026\/03\/260320_Wersten-Sommerfest_Ank-red-819x1024.jpg\" class=\"attachment-large size-large\" alt=\"\" loading=\"lazy\" srcset=\"https:\/\/www.zuhause-in-wersten.de\/wp-content\/uploads\/2026\/03\/260320_Wersten-Sommerfest_Ank-red-819x1024.jpg 819w, https:\/\/www.zuhause-in-wersten.de\/wp-content\/uploads\/2026\/03\/260320_Wersten-Sommerfest_Ank-red-240x300.jpg 240w, https:\/\/www.zuhause-in-wersten.de\/wp-content\/uploads\/2026\/03\/260320_Wersten-Sommerfest_Ank-red-scaled.jpg 2047w\" sizes=\"auto, (max-width: 819px) 100vw, 819px\" \/><\/div><\/div><div class=\"w-separator size_small\"><\/div><div class=\"wpb_text_column\"><div class=\"wpb_wrapper\"><p>Bald geht es wieder los &#8211; der Aktivkreis organisiert auch dieses Jahr wieder das Sommerfest an den Blauen S\u00e4ulen!<\/p>\n<\/div><\/div><\/div><\/div><\/div><div class=\"vc_col-sm-3 wpb_column vc_column_container\"><div class=\"vc_column-inner\"><div class=\"wpb_wrapper\"><\/div><\/div><\/div><\/div><\/div><\/section><section class=\"l-section wpb_row height_medium\"><div class=\"l-section-h i-cf\"><div class=\"g-cols vc_row via_flex valign_top type_default stacking_default\"><div class=\"vc_col-sm-3 wpb_column vc_column_container\"><div class=\"vc_column-inner\"><div class=\"wpb_wrapper\"><div class=\"wpb_text_column\"><div class=\"wpb_wrapper\"><h2>2026<\/h2>\n<\/div><\/div><\/div><\/div><\/div><div class=\"vc_col-sm-6 wpb_column vc_column_container\"><div class=\"vc_column-inner\"><div class=\"wpb_wrapper\"><div class=\"w-image align_none\"><div class=\"w-image-h\"><img decoding=\"async\" width=\"960\" height=\"720\" src=\"https:\/\/www.zuhause-in-wersten.de\/wp-content\/uploads\/2024\/12\/241205_Mikroprojekte.jpg\" class=\"attachment-large size-large\" alt=\"\" loading=\"lazy\" srcset=\"https:\/\/www.zuhause-in-wersten.de\/wp-content\/uploads\/2024\/12\/241205_Mikroprojekte.jpg 960w, https:\/\/www.zuhause-in-wersten.de\/wp-content\/uploads\/2024\/12\/241205_Mikroprojekte-300x225.jpg 300w\" sizes=\"auto, (max-width: 960px) 100vw, 960px\" \/><\/div><\/div><div class=\"w-separator size_small\"><\/div><div class=\"wpb_text_column\"><div class=\"wpb_wrapper\"><div class=\"wpb_text_column\">\n<div class=\"wpb_wrapper\">\n<p>Gute Nachrichten \u2013 auch in 2026 wird es sie weiterhin geben, unsere Mikroprojekte! Ideen f\u00fcr Drau\u00dfen werden weiterhin mit 100 Euro gef\u00f6rdert.<\/p>\n<p>Die Voraussetzung: die Idee muss einen Vorteil f\u00fcr die Nachbarschaft in Wersten haben. Es kann also ein Projekt sein, \u00fcber das sich die Menschen in der Nachbarschaft ebenso freuen wie man selber \u2013 wie zum Beispiele eine sch\u00f6ne Balkonbepflanzung. Oder das Projekt n\u00fctzt den Tieren oder Pflanzen in der Umgebung \u2013 eine Bienenwiese, ein Igelhaus oder ein Fledermaus-Nistkasten. Auch Ideen f\u00fcr den Umweltschutz oder weniger M\u00fcll im Quartier werden gef\u00f6rdert.<\/p>\n<p>Das Quartiersmanagement freut sich auf m\u00f6glichst viele Ideen f\u00fcr das neue Jahr! Einfach melden bei der Quartiersmanagerin Dorothee Linneweber unter 0157\/ 39 60 69 75 (auch WhatsApp). Oder eine Mail schreiben an <a class=\"moz-txt-link-abbreviated\" href=\"mailto:info@zuhause-in-wersten.de\">info@zuhause-in-wersten.de<\/a><\/p>\n<\/div>\n<\/div>\n<\/div><\/div><div class=\"w-separator size_large\"><\/div><div class=\"w-image align_none\"><div class=\"w-image-h\"><img decoding=\"async\" width=\"739\" height=\"1024\" src=\"https:\/\/www.zuhause-in-wersten.de\/wp-content\/uploads\/2024\/09\/240830_Info-Fotos-web1600-739x1024.jpg\" class=\"attachment-large size-large\" alt=\"\" loading=\"lazy\" srcset=\"https:\/\/www.zuhause-in-wersten.de\/wp-content\/uploads\/2024\/09\/240830_Info-Fotos-web1600-739x1024.jpg 739w, https:\/\/www.zuhause-in-wersten.de\/wp-content\/uploads\/2024\/09\/240830_Info-Fotos-web1600-217x300.jpg 217w, https:\/\/www.zuhause-in-wersten.de\/wp-content\/uploads\/2024\/09\/240830_Info-Fotos-web1600-scaled.jpg 1848w\" sizes=\"auto, (max-width: 739px) 100vw, 739px\" \/><\/div><\/div><\/div><\/div><\/div><div class=\"vc_col-sm-3 wpb_column vc_column_container\"><div class=\"vc_column-inner\"><div class=\"wpb_wrapper\"><\/div><\/div><\/div><\/div><\/div><\/section>\n","protected":false},"excerpt":{"rendered":"Mai Willkommen Fr\u00fchling, Wilkommen Kirschb\u00e4ume Am 14.04. sind vier neue Kirschb\u00e4ume an den Blauen S\u00e4ulen gepflanzt worden und wir und die SWD haben sie schon durch einige B\u00e4nke erg\u00e4nzt Im Mai begr\u00fc\u00dfen wir sie gemeinsam. Den Termin geben wir noch bekannt. F\u00fcr alle, die Fragen, Anmerkungen oder Ideen haben, l\u00e4dt die Bezirksvertretung im regelm\u00e4\u00dfig zur...","protected":false},"author":1,"featured_media":0,"parent":0,"menu_order":0,"comment_status":"closed","ping_status":"closed","template":"","meta":{"footnotes":""},"class_list":["post-14","page","type-page","status-publish","hentry"],"_links":{"self":[{"href":"https:\/\/www.zuhause-in-wersten.de\/index.php\/wp-json\/wp\/v2\/pages\/14","targetHints":{"allow":["GET"]}}],"collection":[{"href":"https:\/\/www.zuhause-in-wersten.de\/index.php\/wp-json\/wp\/v2\/pages"}],"about":[{"href":"https:\/\/www.zuhause-in-wersten.de\/index.php\/wp-json\/wp\/v2\/types\/page"}],"author":[{"embeddable":true,"href":"https:\/\/www.zuhause-in-wersten.de\/index.php\/wp-json\/wp\/v2\/users\/1"}],"replies":[{"embeddable":true,"href":"https:\/\/www.zuhause-in-wersten.de\/index.php\/wp-json\/wp\/v2\/comments?post=14"}],"version-history":[{"count":132,"href":"https:\/\/www.zuhause-in-wersten.de\/index.php\/wp-json\/wp\/v2\/pages\/14\/revisions"}],"predecessor-version":[{"id":1529,"href":"https:\/\/www.zuhause-in-wersten.de\/index.php\/wp-json\/wp\/v2\/pages\/14\/revisions\/1529"}],"wp:attachment":[{"href":"https:\/\/www.zuhause-in-wersten.de\/index.php\/wp-json\/wp\/v2\/media?parent=14"}],"curies":[{"name":"wp","href":"https:\/\/api.w.org\/{rel}","templated":true}]}}