{"id":16,"date":"2023-08-08T11:20:08","date_gmt":"2023-08-08T11:20:08","guid":{"rendered":"https:\/\/www.zuhause-in-wersten.de\/?page_id=16"},"modified":"2024-11-20T09:56:51","modified_gmt":"2024-11-20T09:56:51","slug":"projekte","status":"publish","type":"page","link":"https:\/\/www.zuhause-in-wersten.de\/index.php\/projekte\/","title":{"rendered":"Projekte"},"content":{"rendered":"<section class=\"l-section wpb_row height_auto width_full\"><div class=\"l-section-h i-cf\"><div class=\"g-cols vc_row via_flex valign_top type_default stacking_default\"><div class=\"vc_col-sm-12 wpb_column vc_column_container\"><div class=\"vc_column-inner\"><div class=\"wpb_wrapper\"><div class=\"w-slider style_none fit_scaledown nav_none count_3\"><div class=\"w-slider-h\" aria-hidden=\"true\"><div class=\"royalSlider\"><div class=\"rsContent\"><a class=\"rsImg\" data-rsw=\"1140\" data-rsh=\"285\" href=\"https:\/\/www.zuhause-in-wersten.de\/wp-content\/uploads\/2024\/04\/Slider_projekte_3.jpg\"><span data-alt=\"\"><\/span><\/a><\/div><div class=\"rsContent\"><a class=\"rsImg\" data-rsw=\"1140\" data-rsh=\"285\" href=\"https:\/\/www.zuhause-in-wersten.de\/wp-content\/uploads\/2024\/10\/220311_2Aktionstag-10-anonymisiert.jpg\"><span data-alt=\"\"><\/span><\/a><\/div><div class=\"rsContent\"><a class=\"rsImg\" data-rsw=\"1140\" data-rsh=\"285\" href=\"https:\/\/www.zuhause-in-wersten.de\/wp-content\/uploads\/2024\/10\/220311_2Aktionstag-11-anonymisiert.jpg\"><span data-alt=\"\"><\/span><\/a><\/div><\/div><img decoding=\"async\" src=\"https:\/\/www.zuhause-in-wersten.de\/wp-content\/uploads\/2024\/04\/Slider_projekte_3.jpg\" width=\"1140\" height=\"285\" alt loading=\"lazy\"><\/div><div class=\"w-slider-json\" onclick='return {&quot;autoScaleSlider&quot;:true,&quot;addActiveClass&quot;:true,&quot;loop&quot;:true,&quot;fadeInLoadedSlide&quot;:false,&quot;slidesSpacing&quot;:0,&quot;imageScalePadding&quot;:0,&quot;numImagesToPreload&quot;:2,&quot;arrowsNav&quot;:true,&quot;arrowsNavAutoHide&quot;:false,&quot;transitionType&quot;:&quot;fade&quot;,&quot;transitionSpeed&quot;:250,&quot;block&quot;:{&quot;moveEffect&quot;:&quot;none&quot;,&quot;speed&quot;:300},&quot;thumbs&quot;:{&quot;fitInViewport&quot;:false,&quot;firstMargin&quot;:false,&quot;spacing&quot;:4},&quot;controlNavigation&quot;:&quot;none&quot;,&quot;autoplay&quot;:{&quot;enabled&quot;:true,&quot;pauseOnHover&quot;:false,&quot;delay&quot;:3000},&quot;autoScaleSliderWidth&quot;:1140,&quot;autoScaleSliderHeight&quot;:285}'><\/div><\/div><\/div><\/div><\/div><\/div><\/div><\/section><section class=\"l-section wpb_row height_medium\"><div class=\"l-section-h i-cf\"><div class=\"g-cols vc_row via_flex valign_top type_default stacking_default\"><div class=\"vc_col-sm-12 wpb_column vc_column_container\"><div class=\"vc_column-inner\"><div class=\"wpb_wrapper\"><div class=\"w-grid us_grid type_masonry layout_27 cols_3 preload_style_spinner with_isotope\" id=\"us_grid_1\" style=\"--columns:3;--gap:1.5rem;\" data-filterable=\"true\"><style>@media (max-width:1024px){#us_grid_1{--columns:2!important}}@media (max-width:600px){#us_grid_1{--columns:1!important}}.layout_27 .w-grid-item-h{}.layout_27 .usg_post_image_1{margin-bottom:0.5rem!important}.layout_27 .usg_post_title_1{font-size:1rem!important}<\/style><div class=\"w-grid-list\">\t<article class=\"w-grid-item size_1x1 post-1613 us_portfolio type-us_portfolio status-publish has-post-thumbnail hentry us_portfolio_category-projekte\" data-id=\"1613\">\r\n\t\t<div class=\"w-grid-item-h\">\r\n\t\t\t\t\t\t<div class=\"w-post-elm post_image usg_post_image_1 stretched\"><a href=\"https:\/\/www.zuhause-in-wersten.de\/index.php\/portfolio\/bienenblumen-dabringhauser-str-24\/\" aria-label=\"Bienenblumen f\u00fcr die Dabringhauser Stra\u00dfe\"><img loading=\"lazy\" decoding=\"async\" width=\"1000\" height=\"736\" src=\"https:\/\/www.zuhause-in-wersten.de\/wp-content\/uploads\/2026\/04\/260423_Bienenblumen-3-web-1024x754.jpg\" class=\"attachment-large size-large wp-post-image\" alt=\"\" srcset=\"https:\/\/www.zuhause-in-wersten.de\/wp-content\/uploads\/2026\/04\/260423_Bienenblumen-3-web-1024x754.jpg 1024w, https:\/\/www.zuhause-in-wersten.de\/wp-content\/uploads\/2026\/04\/260423_Bienenblumen-3-web-300x221.jpg 300w\" sizes=\"auto, (max-width: 1000px) 100vw, 1000px\" \/><\/a><\/div><h2 class=\"w-post-elm post_title usg_post_title_1 entry-title color_link_inherit\"><a href=\"https:\/\/www.zuhause-in-wersten.de\/index.php\/portfolio\/bienenblumen-dabringhauser-str-24\/\">Bienenblumen f\u00fcr die Dabringhauser Stra\u00dfe<\/a><\/h2>\t\t<\/div>\r\n\t\t\t<\/article>\r\n\t<article class=\"w-grid-item size_1x1 post-1747 us_portfolio type-us_portfolio status-publish has-post-thumbnail hentry us_portfolio_category-projekte\" data-id=\"1747\">\r\n\t\t<div class=\"w-grid-item-h\">\r\n\t\t\t\t\t\t<div class=\"w-post-elm post_image usg_post_image_1 stretched\"><a href=\"https:\/\/www.zuhause-in-wersten.de\/index.php\/portfolio\/eine-baumbank-fuer-die-hundewiese\/\" aria-label=\"Eine Baumbank f\u00fcr die Hundewiese\"><img loading=\"lazy\" decoding=\"async\" width=\"1000\" height=\"688\" src=\"https:\/\/www.zuhause-in-wersten.de\/wp-content\/uploads\/2026\/04\/260414_Be-1-red-1024x704.jpg\" class=\"attachment-large size-large wp-post-image\" alt=\"\" srcset=\"https:\/\/www.zuhause-in-wersten.de\/wp-content\/uploads\/2026\/04\/260414_Be-1-red-1024x704.jpg 1024w, https:\/\/www.zuhause-in-wersten.de\/wp-content\/uploads\/2026\/04\/260414_Be-1-red-300x206.jpg 300w, https:\/\/www.zuhause-in-wersten.de\/wp-content\/uploads\/2026\/04\/260414_Be-1-red.jpg 1190w\" sizes=\"auto, (max-width: 1000px) 100vw, 1000px\" \/><\/a><\/div><h2 class=\"w-post-elm post_title usg_post_title_1 entry-title color_link_inherit\"><a href=\"https:\/\/www.zuhause-in-wersten.de\/index.php\/portfolio\/eine-baumbank-fuer-die-hundewiese\/\">Eine Baumbank f\u00fcr die Hundewiese<\/a><\/h2>\t\t<\/div>\r\n\t\t\t<\/article>\r\n\t<article class=\"w-grid-item size_1x1 post-1708 us_portfolio type-us_portfolio status-publish has-post-thumbnail hentry us_portfolio_category-projekte\" data-id=\"1708\">\r\n\t\t<div class=\"w-grid-item-h\">\r\n\t\t\t\t\t\t<div class=\"w-post-elm post_image usg_post_image_1 stretched\"><a href=\"https:\/\/www.zuhause-in-wersten.de\/index.php\/portfolio\/quartierskarte-aktive-orte\/\" aria-label=\"Quartierskarte: Aktive Orte\"><img loading=\"lazy\" decoding=\"async\" width=\"820\" height=\"514\" src=\"https:\/\/www.zuhause-in-wersten.de\/wp-content\/uploads\/2026\/04\/260413_Quartierskarte.png\" class=\"attachment-large size-large wp-post-image\" alt=\"\" srcset=\"https:\/\/www.zuhause-in-wersten.de\/wp-content\/uploads\/2026\/04\/260413_Quartierskarte.png 820w, https:\/\/www.zuhause-in-wersten.de\/wp-content\/uploads\/2026\/04\/260413_Quartierskarte-300x188.png 300w\" sizes=\"auto, (max-width: 820px) 100vw, 820px\" \/><\/a><\/div><h2 class=\"w-post-elm post_title usg_post_title_1 entry-title color_link_inherit\"><a href=\"https:\/\/www.zuhause-in-wersten.de\/index.php\/portfolio\/quartierskarte-aktive-orte\/\">Quartierskarte: Aktive Orte<\/a><\/h2>\t\t<\/div>\r\n\t\t\t<\/article>\r\n\t<article class=\"w-grid-item size_1x1 post-1693 us_portfolio type-us_portfolio status-publish has-post-thumbnail hentry us_portfolio_category-projekte\" data-id=\"1693\">\r\n\t\t<div class=\"w-grid-item-h\">\r\n\t\t\t\t\t\t<div class=\"w-post-elm post_image usg_post_image_1 stretched\"><a href=\"https:\/\/www.zuhause-in-wersten.de\/index.php\/portfolio\/nebenan-de\/\" aria-label=\"nebenan.de\"><img loading=\"lazy\" decoding=\"async\" width=\"294\" height=\"111\" src=\"https:\/\/www.zuhause-in-wersten.de\/wp-content\/uploads\/2026\/04\/260114_Logo-nebenan-de-e1776061677260.jpg\" class=\"attachment-large size-large wp-post-image\" alt=\"\" \/><\/a><\/div><h2 class=\"w-post-elm post_title usg_post_title_1 entry-title color_link_inherit\"><a href=\"https:\/\/www.zuhause-in-wersten.de\/index.php\/portfolio\/nebenan-de\/\">nebenan.de<\/a><\/h2>\t\t<\/div>\r\n\t\t\t<\/article>\r\n\t<article class=\"w-grid-item size_1x1 post-1088 us_portfolio type-us_portfolio status-publish has-post-thumbnail hentry us_portfolio_category-projekte\" data-id=\"1088\">\r\n\t\t<div class=\"w-grid-item-h\">\r\n\t\t\t\t\t\t<div class=\"w-post-elm post_image usg_post_image_1 stretched\"><a href=\"https:\/\/www.zuhause-in-wersten.de\/index.php\/portfolio\/1088\/\" aria-label=\"Fr\u00fchlings-Poesie f\u00fcr Wersten: Vier japanische Kirschb\u00e4ume f\u00fcr die Quartiersmitte\"><img loading=\"lazy\" decoding=\"async\" width=\"1000\" height=\"671\" src=\"https:\/\/www.zuhause-in-wersten.de\/wp-content\/uploads\/2026\/04\/260324_Doku-16-bearb-web2-1024x687.jpg\" class=\"attachment-large size-large wp-post-image\" alt=\"\" srcset=\"https:\/\/www.zuhause-in-wersten.de\/wp-content\/uploads\/2026\/04\/260324_Doku-16-bearb-web2-1024x687.jpg 1024w, https:\/\/www.zuhause-in-wersten.de\/wp-content\/uploads\/2026\/04\/260324_Doku-16-bearb-web2-300x201.jpg 300w, https:\/\/www.zuhause-in-wersten.de\/wp-content\/uploads\/2026\/04\/260324_Doku-16-bearb-web2.jpg 1698w\" sizes=\"auto, (max-width: 1000px) 100vw, 1000px\" \/><\/a><\/div><h2 class=\"w-post-elm post_title usg_post_title_1 entry-title color_link_inherit\"><a href=\"https:\/\/www.zuhause-in-wersten.de\/index.php\/portfolio\/1088\/\">Fr\u00fchlings-Poesie f\u00fcr Wersten: Vier japanische Kirschb\u00e4ume f\u00fcr die Quartiersmitte<\/a><\/h2>\t\t<\/div>\r\n\t\t\t<\/article>\r\n\t<article class=\"w-grid-item size_1x1 post-1512 us_portfolio type-us_portfolio status-publish has-post-thumbnail hentry us_portfolio_category-projekte us_portfolio_category-quartierspavillon\" data-id=\"1512\">\r\n\t\t<div class=\"w-grid-item-h\">\r\n\t\t\t\t\t\t<div class=\"w-post-elm post_image usg_post_image_1 stretched\"><a href=\"https:\/\/www.zuhause-in-wersten.de\/index.php\/portfolio\/indoor-flohmarkt-im-quartierspavillon\/\" aria-label=\"Flohmarkt am QuartiersPavillon (Indoor-Flohmarkt)\"><img loading=\"lazy\" decoding=\"async\" width=\"1000\" height=\"1000\" src=\"https:\/\/www.zuhause-in-wersten.de\/wp-content\/uploads\/2026\/03\/260327_-19-Li-bearb-web-1024x1024.jpg\" class=\"attachment-large size-large wp-post-image\" alt=\"\" srcset=\"https:\/\/www.zuhause-in-wersten.de\/wp-content\/uploads\/2026\/03\/260327_-19-Li-bearb-web-1024x1024.jpg 1024w, https:\/\/www.zuhause-in-wersten.de\/wp-content\/uploads\/2026\/03\/260327_-19-Li-bearb-web-300x300.jpg 300w, https:\/\/www.zuhause-in-wersten.de\/wp-content\/uploads\/2026\/03\/260327_-19-Li-bearb-web-150x150.jpg 150w\" sizes=\"auto, (max-width: 1000px) 100vw, 1000px\" \/><\/a><\/div><h2 class=\"w-post-elm post_title usg_post_title_1 entry-title color_link_inherit\"><a href=\"https:\/\/www.zuhause-in-wersten.de\/index.php\/portfolio\/indoor-flohmarkt-im-quartierspavillon\/\">Flohmarkt am QuartiersPavillon (Indoor-Flohmarkt)<\/a><\/h2>\t\t<\/div>\r\n\t\t\t<\/article>\r\n\t<article class=\"w-grid-item size_1x1 post-1576 us_portfolio type-us_portfolio status-publish has-post-thumbnail hentry us_portfolio_category-projekte\" data-id=\"1576\">\r\n\t\t<div class=\"w-grid-item-h\">\r\n\t\t\t\t\t\t<div class=\"w-post-elm post_image usg_post_image_1 stretched\"><a href=\"https:\/\/www.zuhause-in-wersten.de\/index.php\/portfolio\/quartiersrundgang-mit-der-vdw\/\" aria-label=\"Quartiersrundgang mit Arbeitskreisen vom VdW\"><img loading=\"lazy\" decoding=\"async\" width=\"1000\" height=\"696\" src=\"https:\/\/www.zuhause-in-wersten.de\/wp-content\/uploads\/2026\/04\/260324_Doku-25-bearb-red-1024x713.jpg\" class=\"attachment-large size-large wp-post-image\" alt=\"\" srcset=\"https:\/\/www.zuhause-in-wersten.de\/wp-content\/uploads\/2026\/04\/260324_Doku-25-bearb-red-1024x713.jpg 1024w, https:\/\/www.zuhause-in-wersten.de\/wp-content\/uploads\/2026\/04\/260324_Doku-25-bearb-red-300x209.jpg 300w\" sizes=\"auto, (max-width: 1000px) 100vw, 1000px\" \/><\/a><\/div><h2 class=\"w-post-elm post_title usg_post_title_1 entry-title color_link_inherit\"><a href=\"https:\/\/www.zuhause-in-wersten.de\/index.php\/portfolio\/quartiersrundgang-mit-der-vdw\/\">Quartiersrundgang mit Arbeitskreisen vom VdW<\/a><\/h2>\t\t<\/div>\r\n\t\t\t<\/article>\r\n\t<article class=\"w-grid-item size_1x1 post-756 us_portfolio type-us_portfolio status-publish has-post-thumbnail hentry us_portfolio_category-projekte\" data-id=\"756\">\r\n\t\t<div class=\"w-grid-item-h\">\r\n\t\t\t\t\t\t<div class=\"w-post-elm post_image usg_post_image_1 stretched\"><a href=\"https:\/\/www.zuhause-in-wersten.de\/index.php\/portfolio\/756\/\" aria-label=\"Ideen-Zettel\"><img loading=\"lazy\" decoding=\"async\" width=\"1000\" height=\"418\" src=\"https:\/\/www.zuhause-in-wersten.de\/wp-content\/uploads\/2024\/11\/241120_Ideenzettel-A5-DRUCK-ORANGE-Kopie-1-1024x428.jpg\" class=\"attachment-large size-large wp-post-image\" alt=\"\" srcset=\"https:\/\/www.zuhause-in-wersten.de\/wp-content\/uploads\/2024\/11\/241120_Ideenzettel-A5-DRUCK-ORANGE-Kopie-1-1024x428.jpg 1024w, https:\/\/www.zuhause-in-wersten.de\/wp-content\/uploads\/2024\/11\/241120_Ideenzettel-A5-DRUCK-ORANGE-Kopie-1-300x125.jpg 300w, https:\/\/www.zuhause-in-wersten.de\/wp-content\/uploads\/2024\/11\/241120_Ideenzettel-A5-DRUCK-ORANGE-Kopie-1.jpg 1600w\" sizes=\"auto, (max-width: 1000px) 100vw, 1000px\" \/><\/a><\/div><h2 class=\"w-post-elm post_title usg_post_title_1 entry-title color_link_inherit\"><a href=\"https:\/\/www.zuhause-in-wersten.de\/index.php\/portfolio\/756\/\">Ideen-Zettel<\/a><\/h2>\t\t<\/div>\r\n\t\t\t<\/article>\r\n\t<article class=\"w-grid-item size_1x1 post-741 us_portfolio type-us_portfolio status-publish has-post-thumbnail hentry us_portfolio_category-projekte us_portfolio_category-quartierspavillon\" data-id=\"741\">\r\n\t\t<div class=\"w-grid-item-h\">\r\n\t\t\t\t\t\t<div class=\"w-post-elm post_image usg_post_image_1 stretched\"><a href=\"https:\/\/www.zuhause-in-wersten.de\/index.php\/portfolio\/ideen-fuer-die-immigrather-strasse\/\" aria-label=\"&#8218;Dritter Ort&#8216;: QuartiersPavillon Immigrather Stra\u00dfe\"><img loading=\"lazy\" decoding=\"async\" width=\"796\" height=\"1024\" src=\"https:\/\/www.zuhause-in-wersten.de\/wp-content\/uploads\/2025\/05\/250610_Status-Txt-neu-bearb-web-796x1024.jpg\" class=\"attachment-large size-large wp-post-image\" alt=\"\" srcset=\"https:\/\/www.zuhause-in-wersten.de\/wp-content\/uploads\/2025\/05\/250610_Status-Txt-neu-bearb-web-796x1024.jpg 796w, https:\/\/www.zuhause-in-wersten.de\/wp-content\/uploads\/2025\/05\/250610_Status-Txt-neu-bearb-web-233x300.jpg 233w, https:\/\/www.zuhause-in-wersten.de\/wp-content\/uploads\/2025\/05\/250610_Status-Txt-neu-bearb-web.jpg 1800w\" sizes=\"auto, (max-width: 796px) 100vw, 796px\" \/><\/a><\/div><h2 class=\"w-post-elm post_title usg_post_title_1 entry-title color_link_inherit\"><a href=\"https:\/\/www.zuhause-in-wersten.de\/index.php\/portfolio\/ideen-fuer-die-immigrather-strasse\/\">&#8218;Dritter Ort&#8216;: QuartiersPavillon Immigrather Stra\u00dfe<\/a><\/h2>\t\t<\/div>\r\n\t\t\t<\/article>\r\n\t<article class=\"w-grid-item size_1x1 post-1656 us_portfolio type-us_portfolio status-publish has-post-thumbnail hentry us_portfolio_category-projekte\" data-id=\"1656\">\r\n\t\t<div class=\"w-grid-item-h\">\r\n\t\t\t\t\t\t<div class=\"w-post-elm post_image usg_post_image_1 stretched\"><a href=\"https:\/\/www.zuhause-in-wersten.de\/index.php\/portfolio\/app-mit-vielen-nuetzlichen-adressen-integreat\/\" aria-label=\"App mit vielen n\u00fctzlichen Adressen: &#8218;Integreat&#8216;\"><img loading=\"lazy\" decoding=\"async\" width=\"419\" height=\"140\" src=\"https:\/\/www.zuhause-in-wersten.de\/wp-content\/uploads\/2026\/03\/LogoIntegreat.png\" class=\"attachment-large size-large wp-post-image\" alt=\"\" srcset=\"https:\/\/www.zuhause-in-wersten.de\/wp-content\/uploads\/2026\/03\/LogoIntegreat.png 419w, https:\/\/www.zuhause-in-wersten.de\/wp-content\/uploads\/2026\/03\/LogoIntegreat-300x100.png 300w\" sizes=\"auto, (max-width: 419px) 100vw, 419px\" \/><\/a><\/div><h2 class=\"w-post-elm post_title usg_post_title_1 entry-title color_link_inherit\"><a href=\"https:\/\/www.zuhause-in-wersten.de\/index.php\/portfolio\/app-mit-vielen-nuetzlichen-adressen-integreat\/\">App mit vielen n\u00fctzlichen Adressen: &#8218;Integreat&#8216;<\/a><\/h2>\t\t<\/div>\r\n\t\t\t<\/article>\r\n\t<article class=\"w-grid-item size_1x1 post-1653 us_portfolio type-us_portfolio status-publish has-post-thumbnail hentry us_portfolio_category-projekte\" data-id=\"1653\">\r\n\t\t<div class=\"w-grid-item-h\">\r\n\t\t\t\t\t\t<div class=\"w-post-elm post_image usg_post_image_1 stretched\"><a href=\"https:\/\/www.zuhause-in-wersten.de\/index.php\/portfolio\/stadstteilkompass-mit-vielen-nuetzlichen-infos-und-adressen-zum-stadtteil\/\" aria-label=\"Stadtteilkompass mit vielen Infos und Adressen zum Stadtteil\"><img loading=\"lazy\" decoding=\"async\" width=\"1000\" height=\"740\" src=\"https:\/\/www.zuhause-in-wersten.de\/wp-content\/uploads\/2026\/03\/260410_Herz-und-Hand.jpg\" class=\"attachment-large size-large wp-post-image\" alt=\"\" srcset=\"https:\/\/www.zuhause-in-wersten.de\/wp-content\/uploads\/2026\/03\/260410_Herz-und-Hand.jpg 1024w, https:\/\/www.zuhause-in-wersten.de\/wp-content\/uploads\/2026\/03\/260410_Herz-und-Hand-300x222.jpg 300w\" sizes=\"auto, (max-width: 1000px) 100vw, 1000px\" \/><\/a><\/div><h2 class=\"w-post-elm post_title usg_post_title_1 entry-title color_link_inherit\"><a href=\"https:\/\/www.zuhause-in-wersten.de\/index.php\/portfolio\/stadstteilkompass-mit-vielen-nuetzlichen-infos-und-adressen-zum-stadtteil\/\">Stadtteilkompass mit vielen Infos und Adressen zum Stadtteil<\/a><\/h2>\t\t<\/div>\r\n\t\t\t<\/article>\r\n\t<article class=\"w-grid-item size_1x1 post-1475 us_portfolio type-us_portfolio status-publish has-post-thumbnail hentry us_portfolio_category-projekte us_portfolio_category-quartierspavillon\" data-id=\"1475\">\r\n\t\t<div class=\"w-grid-item-h\">\r\n\t\t\t\t\t\t<div class=\"w-post-elm post_image usg_post_image_1 stretched\"><a href=\"https:\/\/www.zuhause-in-wersten.de\/index.php\/portfolio\/jahresbeginn-im-quartierspavillon\/\" aria-label=\"Jahresbeginn im QuartiersPavillon\"><img loading=\"lazy\" decoding=\"async\" width=\"1000\" height=\"750\" src=\"https:\/\/www.zuhause-in-wersten.de\/wp-content\/uploads\/2026\/01\/260128_19-be-bearb-Li-red-1024x768.jpg\" class=\"attachment-large size-large wp-post-image\" alt=\"\" srcset=\"https:\/\/www.zuhause-in-wersten.de\/wp-content\/uploads\/2026\/01\/260128_19-be-bearb-Li-red-1024x768.jpg 1024w, https:\/\/www.zuhause-in-wersten.de\/wp-content\/uploads\/2026\/01\/260128_19-be-bearb-Li-red-300x225.jpg 300w\" sizes=\"auto, (max-width: 1000px) 100vw, 1000px\" \/><\/a><\/div><h2 class=\"w-post-elm post_title usg_post_title_1 entry-title color_link_inherit\"><a href=\"https:\/\/www.zuhause-in-wersten.de\/index.php\/portfolio\/jahresbeginn-im-quartierspavillon\/\">Jahresbeginn im QuartiersPavillon<\/a><\/h2>\t\t<\/div>\r\n\t\t\t<\/article>\r\n\t<article class=\"w-grid-item size_1x1 post-1425 us_portfolio type-us_portfolio status-publish has-post-thumbnail hentry us_portfolio_category-muelloffensive us_portfolio_category-projekte\" data-id=\"1425\">\r\n\t\t<div class=\"w-grid-item-h\">\r\n\t\t\t\t\t\t<div class=\"w-post-elm post_image usg_post_image_1 stretched\"><a href=\"https:\/\/www.zuhause-in-wersten.de\/index.php\/portfolio\/sperrmuell-aufkleber-quartierssauberkeits-app\/\" aria-label=\"Sperrm\u00fcll-Aufkleber &#8218;Quartierssauberkeits-App&#8216;\"><img loading=\"lazy\" decoding=\"async\" width=\"925\" height=\"638\" src=\"https:\/\/www.zuhause-in-wersten.de\/wp-content\/uploads\/2026\/01\/Folie-31-e1776060611794.jpg\" class=\"attachment-large size-large wp-post-image\" alt=\"\" srcset=\"https:\/\/www.zuhause-in-wersten.de\/wp-content\/uploads\/2026\/01\/Folie-31-e1776060611794.jpg 925w, https:\/\/www.zuhause-in-wersten.de\/wp-content\/uploads\/2026\/01\/Folie-31-e1776060611794-300x207.jpg 300w\" sizes=\"auto, (max-width: 925px) 100vw, 925px\" \/><\/a><\/div><h2 class=\"w-post-elm post_title usg_post_title_1 entry-title color_link_inherit\"><a href=\"https:\/\/www.zuhause-in-wersten.de\/index.php\/portfolio\/sperrmuell-aufkleber-quartierssauberkeits-app\/\">Sperrm\u00fcll-Aufkleber &#8218;Quartierssauberkeits-App&#8216;<\/a><\/h2>\t\t<\/div>\r\n\t\t\t<\/article>\r\n\t<article class=\"w-grid-item size_1x1 post-878 us_portfolio type-us_portfolio status-publish has-post-thumbnail hentry us_portfolio_category-muelloffensive us_portfolio_category-projekte\" data-id=\"878\">\r\n\t\t<div class=\"w-grid-item-h\">\r\n\t\t\t\t\t\t<div class=\"w-post-elm post_image usg_post_image_1 stretched\"><a href=\"https:\/\/www.zuhause-in-wersten.de\/index.php\/portfolio\/muell-offensive-neue-banner\/\" aria-label=\"M\u00fcll-Offensive: neue Banner mit QR-Codes zur &#8218;D\u00fcsseldorf-bleibt-sauber-App&#8216;\"><img loading=\"lazy\" decoding=\"async\" width=\"1000\" height=\"570\" src=\"https:\/\/www.zuhause-in-wersten.de\/wp-content\/uploads\/2025\/09\/250909_Banner-182-104_f91x52_Vistaprint-red-1024x584.jpg\" class=\"attachment-large size-large wp-post-image\" alt=\"\" srcset=\"https:\/\/www.zuhause-in-wersten.de\/wp-content\/uploads\/2025\/09\/250909_Banner-182-104_f91x52_Vistaprint-red-1024x584.jpg 1024w, https:\/\/www.zuhause-in-wersten.de\/wp-content\/uploads\/2025\/09\/250909_Banner-182-104_f91x52_Vistaprint-red-300x171.jpg 300w\" sizes=\"auto, (max-width: 1000px) 100vw, 1000px\" \/><\/a><\/div><h2 class=\"w-post-elm post_title usg_post_title_1 entry-title color_link_inherit\"><a href=\"https:\/\/www.zuhause-in-wersten.de\/index.php\/portfolio\/muell-offensive-neue-banner\/\">M\u00fcll-Offensive: neue Banner mit QR-Codes zur &#8218;D\u00fcsseldorf-bleibt-sauber-App&#8216;<\/a><\/h2>\t\t<\/div>\r\n\t\t\t<\/article>\r\n\t<article class=\"w-grid-item size_1x1 post-1307 us_portfolio type-us_portfolio status-publish has-post-thumbnail hentry us_portfolio_category-projekte\" data-id=\"1307\">\r\n\t\t<div class=\"w-grid-item-h\">\r\n\t\t\t\t\t\t<div class=\"w-post-elm post_image usg_post_image_1 stretched\"><a href=\"https:\/\/www.zuhause-in-wersten.de\/index.php\/portfolio\/sommerfest-an-den-blauen-saeulen-2025\/\" aria-label=\"Sommerfest an den Blauen S\u00e4ulen 2025\"><img loading=\"lazy\" decoding=\"async\" width=\"1000\" height=\"750\" src=\"https:\/\/www.zuhause-in-wersten.de\/wp-content\/uploads\/2025\/09\/250906_Li-112-bearb-anonym-red-1-1024x768.jpg\" class=\"attachment-large size-large wp-post-image\" alt=\"\" srcset=\"https:\/\/www.zuhause-in-wersten.de\/wp-content\/uploads\/2025\/09\/250906_Li-112-bearb-anonym-red-1-1024x768.jpg 1024w, https:\/\/www.zuhause-in-wersten.de\/wp-content\/uploads\/2025\/09\/250906_Li-112-bearb-anonym-red-1-300x225.jpg 300w\" sizes=\"auto, (max-width: 1000px) 100vw, 1000px\" \/><\/a><\/div><h2 class=\"w-post-elm post_title usg_post_title_1 entry-title color_link_inherit\"><a href=\"https:\/\/www.zuhause-in-wersten.de\/index.php\/portfolio\/sommerfest-an-den-blauen-saeulen-2025\/\">Sommerfest an den Blauen S\u00e4ulen 2025<\/a><\/h2>\t\t<\/div>\r\n\t\t\t<\/article>\r\n\t<article class=\"w-grid-item size_1x1 post-1305 us_portfolio type-us_portfolio status-publish has-post-thumbnail hentry us_portfolio_category-projekte\" data-id=\"1305\">\r\n\t\t<div class=\"w-grid-item-h\">\r\n\t\t\t\t\t\t<div class=\"w-post-elm post_image usg_post_image_1 stretched\"><a href=\"https:\/\/www.zuhause-in-wersten.de\/index.php\/portfolio\/1305\/\" aria-label=\"Torpfosten f\u00fcr die Fu\u00dfballfl\u00e4che\"><img loading=\"lazy\" decoding=\"async\" width=\"1000\" height=\"750\" src=\"https:\/\/www.zuhause-in-wersten.de\/wp-content\/uploads\/2025\/09\/251001_DRUCK-1024x768.jpg\" class=\"attachment-large size-large wp-post-image\" alt=\"\" srcset=\"https:\/\/www.zuhause-in-wersten.de\/wp-content\/uploads\/2025\/09\/251001_DRUCK-1024x768.jpg 1024w, https:\/\/www.zuhause-in-wersten.de\/wp-content\/uploads\/2025\/09\/251001_DRUCK-300x225.jpg 300w\" sizes=\"auto, (max-width: 1000px) 100vw, 1000px\" \/><\/a><\/div><h2 class=\"w-post-elm post_title usg_post_title_1 entry-title color_link_inherit\"><a href=\"https:\/\/www.zuhause-in-wersten.de\/index.php\/portfolio\/1305\/\">Torpfosten f\u00fcr die Fu\u00dfballfl\u00e4che<\/a><\/h2>\t\t<\/div>\r\n\t\t\t<\/article>\r\n\t<article class=\"w-grid-item size_1x1 post-1252 us_portfolio type-us_portfolio status-publish has-post-thumbnail hentry us_portfolio_category-projekte us_portfolio_category-quartierspavillon\" data-id=\"1252\">\r\n\t\t<div class=\"w-grid-item-h\">\r\n\t\t\t\t\t\t<div class=\"w-post-elm post_image usg_post_image_1 stretched\"><a href=\"https:\/\/www.zuhause-in-wersten.de\/index.php\/portfolio\/nachbarschaftsaktion-blumen-statt-gestruepp\/\" aria-label=\"Nachbarschaftsaktion: 100-\u20ac-Projekt &#8218;Blumen statt Gestr\u00fcpp&#8216;\"><img loading=\"lazy\" decoding=\"async\" width=\"1000\" height=\"858\" src=\"https:\/\/www.zuhause-in-wersten.de\/wp-content\/uploads\/2025\/08\/250708_Be-4-web-1024x879.jpg\" class=\"attachment-large size-large wp-post-image\" alt=\"\" srcset=\"https:\/\/www.zuhause-in-wersten.de\/wp-content\/uploads\/2025\/08\/250708_Be-4-web-1024x879.jpg 1024w, https:\/\/www.zuhause-in-wersten.de\/wp-content\/uploads\/2025\/08\/250708_Be-4-web-300x258.jpg 300w, https:\/\/www.zuhause-in-wersten.de\/wp-content\/uploads\/2025\/08\/250708_Be-4-web.jpg 1132w\" sizes=\"auto, (max-width: 1000px) 100vw, 1000px\" \/><\/a><\/div><h2 class=\"w-post-elm post_title usg_post_title_1 entry-title color_link_inherit\"><a href=\"https:\/\/www.zuhause-in-wersten.de\/index.php\/portfolio\/nachbarschaftsaktion-blumen-statt-gestruepp\/\">Nachbarschaftsaktion: 100-\u20ac-Projekt &#8218;Blumen statt Gestr\u00fcpp&#8216;<\/a><\/h2>\t\t<\/div>\r\n\t\t\t<\/article>\r\n\t<article class=\"w-grid-item size_1x1 post-852 us_portfolio type-us_portfolio status-publish has-post-thumbnail hentry us_portfolio_category-projekte\" data-id=\"852\">\r\n\t\t<div class=\"w-grid-item-h\">\r\n\t\t\t\t\t\t<div class=\"w-post-elm post_image usg_post_image_1 stretched\"><a href=\"https:\/\/www.zuhause-in-wersten.de\/index.php\/portfolio\/essbare-stadt-duesseldorf\/\" aria-label=\"Essbare Stadt D\u00fcsseldorf\"><img loading=\"lazy\" decoding=\"async\" width=\"1000\" height=\"479\" src=\"https:\/\/www.zuhause-in-wersten.de\/wp-content\/uploads\/2025\/01\/csm_3024_1960_Hochbeet_dac3245b96-1024x491.jpeg\" class=\"attachment-large size-large wp-post-image\" alt=\"\" srcset=\"https:\/\/www.zuhause-in-wersten.de\/wp-content\/uploads\/2025\/01\/csm_3024_1960_Hochbeet_dac3245b96-1024x491.jpeg 1024w, https:\/\/www.zuhause-in-wersten.de\/wp-content\/uploads\/2025\/01\/csm_3024_1960_Hochbeet_dac3245b96-300x144.jpeg 300w, https:\/\/www.zuhause-in-wersten.de\/wp-content\/uploads\/2025\/01\/csm_3024_1960_Hochbeet_dac3245b96.jpeg 1600w\" sizes=\"auto, (max-width: 1000px) 100vw, 1000px\" \/><\/a><\/div><h2 class=\"w-post-elm post_title usg_post_title_1 entry-title color_link_inherit\"><a href=\"https:\/\/www.zuhause-in-wersten.de\/index.php\/portfolio\/essbare-stadt-duesseldorf\/\">Essbare Stadt D\u00fcsseldorf<\/a><\/h2>\t\t<\/div>\r\n\t\t\t<\/article>\r\n\t<article class=\"w-grid-item size_1x1 post-1240 us_portfolio type-us_portfolio status-publish has-post-thumbnail hentry us_portfolio_category-projekte\" data-id=\"1240\">\r\n\t\t<div class=\"w-grid-item-h\">\r\n\t\t\t\t\t\t<div class=\"w-post-elm post_image usg_post_image_1 stretched\"><a href=\"https:\/\/www.zuhause-in-wersten.de\/index.php\/portfolio\/aktion-baumweg-auf-der-fussballflaeche\/\" aria-label=\"Aktion &#8218;Baum-weg&#8216; f\u00fcr die Fu\u00dfballfl\u00e4che\"><img loading=\"lazy\" decoding=\"async\" width=\"1000\" height=\"750\" src=\"https:\/\/www.zuhause-in-wersten.de\/wp-content\/uploads\/2025\/08\/250814_2-Be-web-1024x768.jpg\" class=\"attachment-large size-large wp-post-image\" alt=\"\" srcset=\"https:\/\/www.zuhause-in-wersten.de\/wp-content\/uploads\/2025\/08\/250814_2-Be-web-1024x768.jpg 1024w, https:\/\/www.zuhause-in-wersten.de\/wp-content\/uploads\/2025\/08\/250814_2-Be-web-300x225.jpg 300w, https:\/\/www.zuhause-in-wersten.de\/wp-content\/uploads\/2025\/08\/250814_2-Be-web.jpg 1600w\" sizes=\"auto, (max-width: 1000px) 100vw, 1000px\" \/><\/a><\/div><h2 class=\"w-post-elm post_title usg_post_title_1 entry-title color_link_inherit\"><a href=\"https:\/\/www.zuhause-in-wersten.de\/index.php\/portfolio\/aktion-baumweg-auf-der-fussballflaeche\/\">Aktion &#8218;Baum-weg&#8216; f\u00fcr die Fu\u00dfballfl\u00e4che<\/a><\/h2>\t\t<\/div>\r\n\t\t\t<\/article>\r\n\t<article class=\"w-grid-item size_1x1 post-1193 us_portfolio type-us_portfolio status-publish has-post-thumbnail hentry us_portfolio_category-projekte\" data-id=\"1193\">\r\n\t\t<div class=\"w-grid-item-h\">\r\n\t\t\t\t\t\t<div class=\"w-post-elm post_image usg_post_image_1 stretched\"><a href=\"https:\/\/www.zuhause-in-wersten.de\/index.php\/portfolio\/hundewiese-an-der-leverkuser-strasse-eingeweiht\/\" aria-label=\"Hundewiese an der Leverkuser Stra\u00dfe eingeweiht\"><img loading=\"lazy\" decoding=\"async\" width=\"1000\" height=\"707\" src=\"https:\/\/www.zuhause-in-wersten.de\/wp-content\/uploads\/2025\/07\/250723_Einweihen-Hundewiese-18-bearb-anonym-red-1024x724.jpg\" class=\"attachment-large size-large wp-post-image\" alt=\"\" srcset=\"https:\/\/www.zuhause-in-wersten.de\/wp-content\/uploads\/2025\/07\/250723_Einweihen-Hundewiese-18-bearb-anonym-red-1024x724.jpg 1024w, https:\/\/www.zuhause-in-wersten.de\/wp-content\/uploads\/2025\/07\/250723_Einweihen-Hundewiese-18-bearb-anonym-red-300x212.jpg 300w, https:\/\/www.zuhause-in-wersten.de\/wp-content\/uploads\/2025\/07\/250723_Einweihen-Hundewiese-18-bearb-anonym-red.jpg 1596w\" sizes=\"auto, (max-width: 1000px) 100vw, 1000px\" \/><\/a><\/div><h2 class=\"w-post-elm post_title usg_post_title_1 entry-title color_link_inherit\"><a href=\"https:\/\/www.zuhause-in-wersten.de\/index.php\/portfolio\/hundewiese-an-der-leverkuser-strasse-eingeweiht\/\">Hundewiese an der Leverkuser Stra\u00dfe eingeweiht<\/a><\/h2>\t\t<\/div>\r\n\t\t\t<\/article>\r\n\t<article class=\"w-grid-item size_1x1 post-1189 us_portfolio type-us_portfolio status-publish has-post-thumbnail hentry us_portfolio_category-buergerbeteiligung us_portfolio_category-projekte us_portfolio_category-quartierspavillon\" data-id=\"1189\">\r\n\t\t<div class=\"w-grid-item-h\">\r\n\t\t\t\t\t\t<div class=\"w-post-elm post_image usg_post_image_1 stretched\"><a href=\"https:\/\/www.zuhause-in-wersten.de\/index.php\/portfolio\/erstes-nachbarschaftsgespraech\/\" aria-label=\"Erstes Nachbarschaftsgespr\u00e4ch\"><img loading=\"lazy\" decoding=\"async\" width=\"1000\" height=\"518\" src=\"https:\/\/www.zuhause-in-wersten.de\/wp-content\/uploads\/2025\/07\/250723_OT-Nachbarschaftsgespraech-12-bearb-anonym3-red-1024x530.jpg\" class=\"attachment-large size-large wp-post-image\" alt=\"\" srcset=\"https:\/\/www.zuhause-in-wersten.de\/wp-content\/uploads\/2025\/07\/250723_OT-Nachbarschaftsgespraech-12-bearb-anonym3-red-1024x530.jpg 1024w, https:\/\/www.zuhause-in-wersten.de\/wp-content\/uploads\/2025\/07\/250723_OT-Nachbarschaftsgespraech-12-bearb-anonym3-red-300x155.jpg 300w\" sizes=\"auto, (max-width: 1000px) 100vw, 1000px\" \/><\/a><\/div><h2 class=\"w-post-elm post_title usg_post_title_1 entry-title color_link_inherit\"><a href=\"https:\/\/www.zuhause-in-wersten.de\/index.php\/portfolio\/erstes-nachbarschaftsgespraech\/\">Erstes Nachbarschaftsgespr\u00e4ch<\/a><\/h2>\t\t<\/div>\r\n\t\t\t<\/article>\r\n\t<article class=\"w-grid-item size_1x1 post-1292 us_portfolio type-us_portfolio status-publish has-post-thumbnail hentry us_portfolio_category-projekte\" data-id=\"1292\">\r\n\t\t<div class=\"w-grid-item-h\">\r\n\t\t\t\t\t\t<div class=\"w-post-elm post_image usg_post_image_1 stretched\"><a href=\"https:\/\/www.zuhause-in-wersten.de\/index.php\/portfolio\/100-e-projekt-quartierszaun-fuer-den-garten\/\" aria-label=\"100-\u20ac-Projekt: Quartierszaun f\u00fcr den Garten\"><img loading=\"lazy\" decoding=\"async\" width=\"1000\" height=\"579\" src=\"https:\/\/www.zuhause-in-wersten.de\/wp-content\/uploads\/2025\/08\/250721_Zaun-1-e1756370357512-1024x593.jpg\" class=\"attachment-large size-large wp-post-image\" alt=\"\" srcset=\"https:\/\/www.zuhause-in-wersten.de\/wp-content\/uploads\/2025\/08\/250721_Zaun-1-e1756370357512-1024x593.jpg 1024w, https:\/\/www.zuhause-in-wersten.de\/wp-content\/uploads\/2025\/08\/250721_Zaun-1-e1756370357512-300x174.jpg 300w, https:\/\/www.zuhause-in-wersten.de\/wp-content\/uploads\/2025\/08\/250721_Zaun-1-e1756370357512.jpg 1698w\" sizes=\"auto, (max-width: 1000px) 100vw, 1000px\" \/><\/a><\/div><h2 class=\"w-post-elm post_title usg_post_title_1 entry-title color_link_inherit\"><a href=\"https:\/\/www.zuhause-in-wersten.de\/index.php\/portfolio\/100-e-projekt-quartierszaun-fuer-den-garten\/\">100-\u20ac-Projekt: Quartierszaun f\u00fcr den Garten<\/a><\/h2>\t\t<\/div>\r\n\t\t\t<\/article>\r\n\t<article class=\"w-grid-item size_1x1 post-939 us_portfolio type-us_portfolio status-publish has-post-thumbnail hentry us_portfolio_category-projekte\" data-id=\"939\">\r\n\t\t<div class=\"w-grid-item-h\">\r\n\t\t\t\t\t\t<div class=\"w-post-elm post_image usg_post_image_1 stretched\"><a href=\"https:\/\/www.zuhause-in-wersten.de\/index.php\/portfolio\/939\/\" aria-label=\"Gartencaf\u00e9s Sommer 2025\"><img loading=\"lazy\" decoding=\"async\" width=\"1000\" height=\"706\" src=\"https:\/\/www.zuhause-in-wersten.de\/wp-content\/uploads\/2025\/04\/250603-Be_web-1-1024x723.jpg\" class=\"attachment-large size-large wp-post-image\" alt=\"\" srcset=\"https:\/\/www.zuhause-in-wersten.de\/wp-content\/uploads\/2025\/04\/250603-Be_web-1-1024x723.jpg 1024w, https:\/\/www.zuhause-in-wersten.de\/wp-content\/uploads\/2025\/04\/250603-Be_web-1-300x212.jpg 300w, https:\/\/www.zuhause-in-wersten.de\/wp-content\/uploads\/2025\/04\/250603-Be_web-1.jpg 1600w\" sizes=\"auto, (max-width: 1000px) 100vw, 1000px\" \/><\/a><\/div><h2 class=\"w-post-elm post_title usg_post_title_1 entry-title color_link_inherit\"><a href=\"https:\/\/www.zuhause-in-wersten.de\/index.php\/portfolio\/939\/\">Gartencaf\u00e9s Sommer 2025<\/a><\/h2>\t\t<\/div>\r\n\t\t\t<\/article>\r\n\t<article class=\"w-grid-item size_1x1 post-1086 us_portfolio type-us_portfolio status-publish has-post-thumbnail hentry us_portfolio_category-muelloffensive us_portfolio_category-projekte\" data-id=\"1086\">\r\n\t\t<div class=\"w-grid-item-h\">\r\n\t\t\t\t\t\t<div class=\"w-post-elm post_image usg_post_image_1 stretched\"><a href=\"https:\/\/www.zuhause-in-wersten.de\/index.php\/portfolio\/vorlage-2\/\" aria-label=\"Quartierssauberkeit: Aufr\u00e4umaktion Spielplatz K\u00fcppersteger Stra\u00dfe\"><img loading=\"lazy\" decoding=\"async\" width=\"1000\" height=\"750\" src=\"https:\/\/www.zuhause-in-wersten.de\/wp-content\/uploads\/2025\/05\/250604-Be_1-web-1024x768.jpg\" class=\"attachment-large size-large wp-post-image\" alt=\"\" srcset=\"https:\/\/www.zuhause-in-wersten.de\/wp-content\/uploads\/2025\/05\/250604-Be_1-web-1024x768.jpg 1024w, https:\/\/www.zuhause-in-wersten.de\/wp-content\/uploads\/2025\/05\/250604-Be_1-web-300x225.jpg 300w, https:\/\/www.zuhause-in-wersten.de\/wp-content\/uploads\/2025\/05\/250604-Be_1-web.jpg 1600w\" sizes=\"auto, (max-width: 1000px) 100vw, 1000px\" \/><\/a><\/div><h2 class=\"w-post-elm post_title usg_post_title_1 entry-title color_link_inherit\"><a href=\"https:\/\/www.zuhause-in-wersten.de\/index.php\/portfolio\/vorlage-2\/\">Quartierssauberkeit: Aufr\u00e4umaktion Spielplatz K\u00fcppersteger Stra\u00dfe<\/a><\/h2>\t\t<\/div>\r\n\t\t\t<\/article>\r\n\t<article class=\"w-grid-item size_1x1 post-1024 us_portfolio type-us_portfolio status-publish has-post-thumbnail hentry us_portfolio_category-projekte\" data-id=\"1024\">\r\n\t\t<div class=\"w-grid-item-h\">\r\n\t\t\t\t\t\t<div class=\"w-post-elm post_image usg_post_image_1 stretched\"><a href=\"https:\/\/www.zuhause-in-wersten.de\/index.php\/portfolio\/1024\/\" aria-label=\"Wir haben gewonnen!\"><img loading=\"lazy\" decoding=\"async\" width=\"1000\" height=\"707\" src=\"https:\/\/www.zuhause-in-wersten.de\/wp-content\/uploads\/2025\/05\/250506_Preis-SozialeStadt-web-1024x724.jpg\" class=\"attachment-large size-large wp-post-image\" alt=\"\" srcset=\"https:\/\/www.zuhause-in-wersten.de\/wp-content\/uploads\/2025\/05\/250506_Preis-SozialeStadt-web-1024x724.jpg 1024w, https:\/\/www.zuhause-in-wersten.de\/wp-content\/uploads\/2025\/05\/250506_Preis-SozialeStadt-web-300x212.jpg 300w, https:\/\/www.zuhause-in-wersten.de\/wp-content\/uploads\/2025\/05\/250506_Preis-SozialeStadt-web.jpg 1600w\" sizes=\"auto, (max-width: 1000px) 100vw, 1000px\" \/><\/a><\/div><h2 class=\"w-post-elm post_title usg_post_title_1 entry-title color_link_inherit\"><a href=\"https:\/\/www.zuhause-in-wersten.de\/index.php\/portfolio\/1024\/\">Wir haben gewonnen!<\/a><\/h2>\t\t<\/div>\r\n\t\t\t<\/article>\r\n\t<article class=\"w-grid-item size_1x1 post-978 us_portfolio type-us_portfolio status-publish has-post-thumbnail hentry us_portfolio_category-projekte\" data-id=\"978\">\r\n\t\t<div class=\"w-grid-item-h\">\r\n\t\t\t\t\t\t<div class=\"w-post-elm post_image usg_post_image_1 stretched\"><a href=\"https:\/\/www.zuhause-in-wersten.de\/index.php\/portfolio\/bienenblumen-fuer-die-dabringhauser-strasse\/\" aria-label=\"BienenBlumen f\u00fcr die Dabringhauser Stra\u00dfe\"><img loading=\"lazy\" decoding=\"async\" width=\"1000\" height=\"750\" src=\"https:\/\/www.zuhause-in-wersten.de\/wp-content\/uploads\/2025\/04\/250415_Einladung-red-web-1024x768.jpg\" class=\"attachment-large size-large wp-post-image\" alt=\"\" srcset=\"https:\/\/www.zuhause-in-wersten.de\/wp-content\/uploads\/2025\/04\/250415_Einladung-red-web-1024x768.jpg 1024w, https:\/\/www.zuhause-in-wersten.de\/wp-content\/uploads\/2025\/04\/250415_Einladung-red-web-300x225.jpg 300w, https:\/\/www.zuhause-in-wersten.de\/wp-content\/uploads\/2025\/04\/250415_Einladung-red-web.jpg 1842w\" sizes=\"auto, (max-width: 1000px) 100vw, 1000px\" \/><\/a><\/div><h2 class=\"w-post-elm post_title usg_post_title_1 entry-title color_link_inherit\"><a href=\"https:\/\/www.zuhause-in-wersten.de\/index.php\/portfolio\/bienenblumen-fuer-die-dabringhauser-strasse\/\">BienenBlumen f\u00fcr die Dabringhauser Stra\u00dfe<\/a><\/h2>\t\t<\/div>\r\n\t\t\t<\/article>\r\n\t<article class=\"w-grid-item size_1x1 post-1021 us_portfolio type-us_portfolio status-publish has-post-thumbnail hentry us_portfolio_category-projekte\" data-id=\"1021\">\r\n\t\t<div class=\"w-grid-item-h\">\r\n\t\t\t\t\t\t<div class=\"w-post-elm post_image usg_post_image_1 stretched\"><a href=\"https:\/\/www.zuhause-in-wersten.de\/index.php\/portfolio\/quartierssauberkeit-gartenprojekt-dabringhauser-str-2\/\" aria-label=\"Quartierssauberkeit: Gartenprojekt Dabringhauser Str. 2\"><img loading=\"lazy\" decoding=\"async\" width=\"1000\" height=\"750\" src=\"https:\/\/www.zuhause-in-wersten.de\/wp-content\/uploads\/2025\/05\/250429_Dab2_Be_1-web-1024x768.jpg\" class=\"attachment-large size-large wp-post-image\" alt=\"\" srcset=\"https:\/\/www.zuhause-in-wersten.de\/wp-content\/uploads\/2025\/05\/250429_Dab2_Be_1-web-1024x768.jpg 1024w, https:\/\/www.zuhause-in-wersten.de\/wp-content\/uploads\/2025\/05\/250429_Dab2_Be_1-web-300x225.jpg 300w\" sizes=\"auto, (max-width: 1000px) 100vw, 1000px\" \/><\/a><\/div><h2 class=\"w-post-elm post_title usg_post_title_1 entry-title color_link_inherit\"><a href=\"https:\/\/www.zuhause-in-wersten.de\/index.php\/portfolio\/quartierssauberkeit-gartenprojekt-dabringhauser-str-2\/\">Quartierssauberkeit: Gartenprojekt Dabringhauser Str. 2<\/a><\/h2>\t\t<\/div>\r\n\t\t\t<\/article>\r\n\t<article class=\"w-grid-item size_1x1 post-1438 us_portfolio type-us_portfolio status-publish has-post-thumbnail hentry us_portfolio_category-projekte\" data-id=\"1438\">\r\n\t\t<div class=\"w-grid-item-h\">\r\n\t\t\t\t\t\t<div class=\"w-post-elm post_image usg_post_image_1 stretched\"><a href=\"https:\/\/www.zuhause-in-wersten.de\/index.php\/portfolio\/weihnachtsgruen-zum-abholen\/\" aria-label=\"Weihnachtsgr\u00fcn zum Abholen\"><img loading=\"lazy\" decoding=\"async\" width=\"1000\" height=\"716\" src=\"https:\/\/www.zuhause-in-wersten.de\/wp-content\/uploads\/2025\/11\/251128_Einladung-red-1024x733.jpg\" class=\"attachment-large size-large wp-post-image\" alt=\"\" srcset=\"https:\/\/www.zuhause-in-wersten.de\/wp-content\/uploads\/2025\/11\/251128_Einladung-red-1024x733.jpg 1024w, https:\/\/www.zuhause-in-wersten.de\/wp-content\/uploads\/2025\/11\/251128_Einladung-red-300x215.jpg 300w, https:\/\/www.zuhause-in-wersten.de\/wp-content\/uploads\/2025\/11\/251128_Einladung-red.jpg 1783w\" sizes=\"auto, (max-width: 1000px) 100vw, 1000px\" \/><\/a><\/div><h2 class=\"w-post-elm post_title usg_post_title_1 entry-title color_link_inherit\"><a href=\"https:\/\/www.zuhause-in-wersten.de\/index.php\/portfolio\/weihnachtsgruen-zum-abholen\/\">Weihnachtsgr\u00fcn zum Abholen<\/a><\/h2>\t\t<\/div>\r\n\t\t\t<\/article>\r\n\t<article class=\"w-grid-item size_1x1 post-1019 us_portfolio type-us_portfolio status-publish has-post-thumbnail hentry us_portfolio_category-projekte\" data-id=\"1019\">\r\n\t\t<div class=\"w-grid-item-h\">\r\n\t\t\t\t\t\t<div class=\"w-post-elm post_image usg_post_image_1 stretched\"><a href=\"https:\/\/www.zuhause-in-wersten.de\/index.php\/portfolio\/gestaltung-erneuern-gartenprojekt-leverkuser-str-3\/\" aria-label=\"Blickfang Vorgarten: Gartenprojekt Leverkuser Str. 3\"><img loading=\"lazy\" decoding=\"async\" width=\"1000\" height=\"750\" src=\"https:\/\/www.zuhause-in-wersten.de\/wp-content\/uploads\/2025\/05\/250429_Lev3_Be_2-web-1024x768.jpg\" class=\"attachment-large size-large wp-post-image\" alt=\"\" srcset=\"https:\/\/www.zuhause-in-wersten.de\/wp-content\/uploads\/2025\/05\/250429_Lev3_Be_2-web-1024x768.jpg 1024w, https:\/\/www.zuhause-in-wersten.de\/wp-content\/uploads\/2025\/05\/250429_Lev3_Be_2-web-300x225.jpg 300w, https:\/\/www.zuhause-in-wersten.de\/wp-content\/uploads\/2025\/05\/250429_Lev3_Be_2-web.jpg 1600w\" sizes=\"auto, (max-width: 1000px) 100vw, 1000px\" \/><\/a><\/div><h2 class=\"w-post-elm post_title usg_post_title_1 entry-title color_link_inherit\"><a href=\"https:\/\/www.zuhause-in-wersten.de\/index.php\/portfolio\/gestaltung-erneuern-gartenprojekt-leverkuser-str-3\/\">Blickfang Vorgarten: Gartenprojekt Leverkuser Str. 3<\/a><\/h2>\t\t<\/div>\r\n\t\t\t<\/article>\r\n\t<article class=\"w-grid-item size_1x1 post-979 us_portfolio type-us_portfolio status-publish has-post-thumbnail hentry us_portfolio_category-buergerbeteiligung us_portfolio_category-projekte\" data-id=\"979\">\r\n\t\t<div class=\"w-grid-item-h\">\r\n\t\t\t\t\t\t<div class=\"w-post-elm post_image usg_post_image_1 stretched\"><a href=\"https:\/\/www.zuhause-in-wersten.de\/index.php\/portfolio\/picknickgarnituren-an-den-blauen-saeulen\/\" aria-label=\"Picknickgarnituren an den Blauen S\u00e4ulen\"><img loading=\"lazy\" decoding=\"async\" width=\"1000\" height=\"750\" src=\"https:\/\/www.zuhause-in-wersten.de\/wp-content\/uploads\/2025\/04\/250404_bearb-red-1-Be-1024x768.jpg\" class=\"attachment-large size-large wp-post-image\" alt=\"\" srcset=\"https:\/\/www.zuhause-in-wersten.de\/wp-content\/uploads\/2025\/04\/250404_bearb-red-1-Be-1024x768.jpg 1024w, https:\/\/www.zuhause-in-wersten.de\/wp-content\/uploads\/2025\/04\/250404_bearb-red-1-Be-300x225.jpg 300w, https:\/\/www.zuhause-in-wersten.de\/wp-content\/uploads\/2025\/04\/250404_bearb-red-1-Be.jpg 1600w\" sizes=\"auto, (max-width: 1000px) 100vw, 1000px\" \/><\/a><\/div><h2 class=\"w-post-elm post_title usg_post_title_1 entry-title color_link_inherit\"><a href=\"https:\/\/www.zuhause-in-wersten.de\/index.php\/portfolio\/picknickgarnituren-an-den-blauen-saeulen\/\">Picknickgarnituren an den Blauen S\u00e4ulen<\/a><\/h2>\t\t<\/div>\r\n\t\t\t<\/article>\r\n\t<article class=\"w-grid-item size_1x1 post-798 us_portfolio type-us_portfolio status-publish has-post-thumbnail hentry us_portfolio_category-muelloffensive us_portfolio_category-projekte\" data-id=\"798\">\r\n\t\t<div class=\"w-grid-item-h\">\r\n\t\t\t\t\t\t<div class=\"w-post-elm post_image usg_post_image_1 stretched\"><a href=\"https:\/\/www.zuhause-in-wersten.de\/index.php\/portfolio\/gartenprojekt-werstener-feld\/\" aria-label=\"Saisonauftakt Quartierssauberkeit: Gartenprojekt Werstener Feld\"><img loading=\"lazy\" decoding=\"async\" width=\"1000\" height=\"750\" src=\"https:\/\/www.zuhause-in-wersten.de\/wp-content\/uploads\/2025\/03\/250603-Be_1-web-1024x768.jpg\" class=\"attachment-large size-large wp-post-image\" alt=\"\" srcset=\"https:\/\/www.zuhause-in-wersten.de\/wp-content\/uploads\/2025\/03\/250603-Be_1-web-1024x768.jpg 1024w, https:\/\/www.zuhause-in-wersten.de\/wp-content\/uploads\/2025\/03\/250603-Be_1-web-300x225.jpg 300w, https:\/\/www.zuhause-in-wersten.de\/wp-content\/uploads\/2025\/03\/250603-Be_1-web.jpg 1600w\" sizes=\"auto, (max-width: 1000px) 100vw, 1000px\" \/><\/a><\/div><h2 class=\"w-post-elm post_title usg_post_title_1 entry-title color_link_inherit\"><a href=\"https:\/\/www.zuhause-in-wersten.de\/index.php\/portfolio\/gartenprojekt-werstener-feld\/\">Saisonauftakt Quartierssauberkeit: Gartenprojekt Werstener Feld<\/a><\/h2>\t\t<\/div>\r\n\t\t\t<\/article>\r\n\t<article class=\"w-grid-item size_1x1 post-888 us_portfolio type-us_portfolio status-publish has-post-thumbnail hentry us_portfolio_category-projekte\" data-id=\"888\">\r\n\t\t<div class=\"w-grid-item-h\">\r\n\t\t\t\t\t\t<div class=\"w-post-elm post_image usg_post_image_1 stretched\"><a href=\"https:\/\/www.zuhause-in-wersten.de\/index.php\/portfolio\/saisonauftakt-gartenprojekt-kueppersteger-strasse-1-5\/\" aria-label=\"Saisonauftakt Gartenprojekt K\u00fcppersteger Stra\u00dfe 1-5\"><img loading=\"lazy\" decoding=\"async\" width=\"673\" height=\"1024\" src=\"https:\/\/www.zuhause-in-wersten.de\/wp-content\/uploads\/2025\/02\/250310_Einladg-Saisonauftakt-web1600-673x1024.jpg\" class=\"attachment-large size-large wp-post-image\" alt=\"\" srcset=\"https:\/\/www.zuhause-in-wersten.de\/wp-content\/uploads\/2025\/02\/250310_Einladg-Saisonauftakt-web1600-673x1024.jpg 673w, https:\/\/www.zuhause-in-wersten.de\/wp-content\/uploads\/2025\/02\/250310_Einladg-Saisonauftakt-web1600-197x300.jpg 197w, https:\/\/www.zuhause-in-wersten.de\/wp-content\/uploads\/2025\/02\/250310_Einladg-Saisonauftakt-web1600.jpg 1600w\" sizes=\"auto, (max-width: 673px) 100vw, 673px\" \/><\/a><\/div><h2 class=\"w-post-elm post_title usg_post_title_1 entry-title color_link_inherit\"><a href=\"https:\/\/www.zuhause-in-wersten.de\/index.php\/portfolio\/saisonauftakt-gartenprojekt-kueppersteger-strasse-1-5\/\">Saisonauftakt Gartenprojekt K\u00fcppersteger Stra\u00dfe 1-5<\/a><\/h2>\t\t<\/div>\r\n\t\t\t<\/article>\r\n\t<article class=\"w-grid-item size_1x1 post-883 us_portfolio type-us_portfolio status-publish has-post-thumbnail hentry us_portfolio_category-projekte\" data-id=\"883\">\r\n\t\t<div class=\"w-grid-item-h\">\r\n\t\t\t\t\t\t<div class=\"w-post-elm post_image usg_post_image_1 stretched\"><a href=\"https:\/\/www.zuhause-in-wersten.de\/index.php\/portfolio\/schulprojekt-quartiersmodell-bauen\/\" aria-label=\"Schulprojekt: Quartiersmodell bauen\"><img loading=\"lazy\" decoding=\"async\" width=\"960\" height=\"720\" src=\"https:\/\/www.zuhause-in-wersten.de\/wp-content\/uploads\/2025\/02\/Folie1.jpg\" class=\"attachment-large size-large wp-post-image\" alt=\"\" srcset=\"https:\/\/www.zuhause-in-wersten.de\/wp-content\/uploads\/2025\/02\/Folie1.jpg 960w, https:\/\/www.zuhause-in-wersten.de\/wp-content\/uploads\/2025\/02\/Folie1-300x225.jpg 300w\" sizes=\"auto, (max-width: 960px) 100vw, 960px\" \/><\/a><\/div><h2 class=\"w-post-elm post_title usg_post_title_1 entry-title color_link_inherit\"><a href=\"https:\/\/www.zuhause-in-wersten.de\/index.php\/portfolio\/schulprojekt-quartiersmodell-bauen\/\">Schulprojekt: Quartiersmodell bauen<\/a><\/h2>\t\t<\/div>\r\n\t\t\t<\/article>\r\n\t<article class=\"w-grid-item size_1x1 post-1421 us_portfolio type-us_portfolio status-publish has-post-thumbnail hentry us_portfolio_category-muelloffensive us_portfolio_category-projekte\" data-id=\"1421\">\r\n\t\t<div class=\"w-grid-item-h\">\r\n\t\t\t\t\t\t<div class=\"w-post-elm post_image usg_post_image_1 stretched\"><a href=\"https:\/\/www.zuhause-in-wersten.de\/index.php\/portfolio\/sperrmuell-aufkleber\/\" aria-label=\"Sperrm\u00fcll-Aufkleber: Kinder als Akteure\"><img loading=\"lazy\" decoding=\"async\" width=\"960\" height=\"720\" src=\"https:\/\/www.zuhause-in-wersten.de\/wp-content\/uploads\/2025\/12\/251209_BeispielAufkleber-red.jpg\" class=\"attachment-large size-large wp-post-image\" alt=\"\" srcset=\"https:\/\/www.zuhause-in-wersten.de\/wp-content\/uploads\/2025\/12\/251209_BeispielAufkleber-red.jpg 960w, https:\/\/www.zuhause-in-wersten.de\/wp-content\/uploads\/2025\/12\/251209_BeispielAufkleber-red-300x225.jpg 300w\" sizes=\"auto, (max-width: 960px) 100vw, 960px\" \/><\/a><\/div><h2 class=\"w-post-elm post_title usg_post_title_1 entry-title color_link_inherit\"><a href=\"https:\/\/www.zuhause-in-wersten.de\/index.php\/portfolio\/sperrmuell-aufkleber\/\">Sperrm\u00fcll-Aufkleber: Kinder als Akteure<\/a><\/h2>\t\t<\/div>\r\n\t\t\t<\/article>\r\n\t<article class=\"w-grid-item size_1x1 post-716 us_portfolio type-us_portfolio status-publish has-post-thumbnail hentry us_portfolio_category-muelloffensive us_portfolio_category-projekte\" data-id=\"716\">\r\n\t\t<div class=\"w-grid-item-h\">\r\n\t\t\t\t\t\t<div class=\"w-post-elm post_image usg_post_image_1 stretched\"><a href=\"https:\/\/www.zuhause-in-wersten.de\/index.php\/portfolio\/716\/\" aria-label=\"Sp\u00e4tsommer-Flohmarkt\"><img loading=\"lazy\" decoding=\"async\" width=\"1000\" height=\"715\" src=\"https:\/\/www.zuhause-in-wersten.de\/wp-content\/uploads\/2024\/10\/240823_Einladg_10.8x15.1-red-web1600-1024x732.jpg\" class=\"attachment-large size-large wp-post-image\" alt=\"\" srcset=\"https:\/\/www.zuhause-in-wersten.de\/wp-content\/uploads\/2024\/10\/240823_Einladg_10.8x15.1-red-web1600-1024x732.jpg 1024w, https:\/\/www.zuhause-in-wersten.de\/wp-content\/uploads\/2024\/10\/240823_Einladg_10.8x15.1-red-web1600-300x215.jpg 300w, https:\/\/www.zuhause-in-wersten.de\/wp-content\/uploads\/2024\/10\/240823_Einladg_10.8x15.1-red-web1600.jpg 1600w\" sizes=\"auto, (max-width: 1000px) 100vw, 1000px\" \/><\/a><\/div><h2 class=\"w-post-elm post_title usg_post_title_1 entry-title color_link_inherit\"><a href=\"https:\/\/www.zuhause-in-wersten.de\/index.php\/portfolio\/716\/\">Sp\u00e4tsommer-Flohmarkt<\/a><\/h2>\t\t<\/div>\r\n\t\t\t<\/article>\r\n\t<article class=\"w-grid-item size_1x1 post-621 us_portfolio type-us_portfolio status-publish has-post-thumbnail hentry us_portfolio_category-projekte\" data-id=\"621\">\r\n\t\t<div class=\"w-grid-item-h\">\r\n\t\t\t\t\t\t<div class=\"w-post-elm post_image usg_post_image_1 stretched\"><a href=\"https:\/\/www.zuhause-in-wersten.de\/index.php\/portfolio\/mal-aktion\/\" aria-label=\"Malaktion Wohnanlage Reusrather Stra\u00dfe\"><img loading=\"lazy\" decoding=\"async\" width=\"1000\" height=\"619\" src=\"https:\/\/www.zuhause-in-wersten.de\/wp-content\/uploads\/2024\/08\/7_000000_240905_Li_Doku-Ergebnis-7-bearb2-web1600-1024x634.jpg\" class=\"attachment-large size-large wp-post-image\" alt=\"\" srcset=\"https:\/\/www.zuhause-in-wersten.de\/wp-content\/uploads\/2024\/08\/7_000000_240905_Li_Doku-Ergebnis-7-bearb2-web1600-1024x634.jpg 1024w, https:\/\/www.zuhause-in-wersten.de\/wp-content\/uploads\/2024\/08\/7_000000_240905_Li_Doku-Ergebnis-7-bearb2-web1600-300x186.jpg 300w, https:\/\/www.zuhause-in-wersten.de\/wp-content\/uploads\/2024\/08\/7_000000_240905_Li_Doku-Ergebnis-7-bearb2-web1600.jpg 1600w\" sizes=\"auto, (max-width: 1000px) 100vw, 1000px\" \/><\/a><\/div><h2 class=\"w-post-elm post_title usg_post_title_1 entry-title color_link_inherit\"><a href=\"https:\/\/www.zuhause-in-wersten.de\/index.php\/portfolio\/mal-aktion\/\">Malaktion Wohnanlage Reusrather Stra\u00dfe<\/a><\/h2>\t\t<\/div>\r\n\t\t\t<\/article>\r\n\t<article class=\"w-grid-item size_1x1 post-650 us_portfolio type-us_portfolio status-publish has-post-thumbnail hentry us_portfolio_category-projekte\" data-id=\"650\">\r\n\t\t<div class=\"w-grid-item-h\">\r\n\t\t\t\t\t\t<div class=\"w-post-elm post_image usg_post_image_1 stretched\"><a href=\"https:\/\/www.zuhause-in-wersten.de\/index.php\/portfolio\/lampionabend\/\" aria-label=\"Laternenabend\"><img loading=\"lazy\" decoding=\"async\" width=\"739\" height=\"1024\" src=\"https:\/\/www.zuhause-in-wersten.de\/wp-content\/uploads\/2024\/08\/240822_2Einladg-Laternenabend-red-web1600-739x1024.jpg\" class=\"attachment-large size-large wp-post-image\" alt=\"\" srcset=\"https:\/\/www.zuhause-in-wersten.de\/wp-content\/uploads\/2024\/08\/240822_2Einladg-Laternenabend-red-web1600-739x1024.jpg 739w, https:\/\/www.zuhause-in-wersten.de\/wp-content\/uploads\/2024\/08\/240822_2Einladg-Laternenabend-red-web1600-217x300.jpg 217w, https:\/\/www.zuhause-in-wersten.de\/wp-content\/uploads\/2024\/08\/240822_2Einladg-Laternenabend-red-web1600.jpg 1600w\" sizes=\"auto, (max-width: 739px) 100vw, 739px\" \/><\/a><\/div><h2 class=\"w-post-elm post_title usg_post_title_1 entry-title color_link_inherit\"><a href=\"https:\/\/www.zuhause-in-wersten.de\/index.php\/portfolio\/lampionabend\/\">Laternenabend<\/a><\/h2>\t\t<\/div>\r\n\t\t\t<\/article>\r\n\t<article class=\"w-grid-item size_1x1 post-560 us_portfolio type-us_portfolio status-publish has-post-thumbnail hentry us_portfolio_category-projekte\" data-id=\"560\">\r\n\t\t<div class=\"w-grid-item-h\">\r\n\t\t\t\t\t\t<div class=\"w-post-elm post_image usg_post_image_1 stretched\"><a href=\"https:\/\/www.zuhause-in-wersten.de\/index.php\/portfolio\/fussball-testfeld\/\" aria-label=\"Neue Fu\u00dfball-Fl\u00e4che\"><img loading=\"lazy\" decoding=\"async\" width=\"1000\" height=\"619\" src=\"https:\/\/www.zuhause-in-wersten.de\/wp-content\/uploads\/2024\/08\/1_240801_Li-9-bearb-anonym-AUSSCHNITT4-web1.600-1024x634.jpg\" class=\"attachment-large size-large wp-post-image\" alt=\"\" srcset=\"https:\/\/www.zuhause-in-wersten.de\/wp-content\/uploads\/2024\/08\/1_240801_Li-9-bearb-anonym-AUSSCHNITT4-web1.600-1024x634.jpg 1024w, https:\/\/www.zuhause-in-wersten.de\/wp-content\/uploads\/2024\/08\/1_240801_Li-9-bearb-anonym-AUSSCHNITT4-web1.600-300x186.jpg 300w, https:\/\/www.zuhause-in-wersten.de\/wp-content\/uploads\/2024\/08\/1_240801_Li-9-bearb-anonym-AUSSCHNITT4-web1.600.jpg 1440w\" sizes=\"auto, (max-width: 1000px) 100vw, 1000px\" \/><\/a><\/div><h2 class=\"w-post-elm post_title usg_post_title_1 entry-title color_link_inherit\"><a href=\"https:\/\/www.zuhause-in-wersten.de\/index.php\/portfolio\/fussball-testfeld\/\">Neue Fu\u00dfball-Fl\u00e4che<\/a><\/h2>\t\t<\/div>\r\n\t\t\t<\/article>\r\n\t<article class=\"w-grid-item size_1x1 post-537 us_portfolio type-us_portfolio status-publish has-post-thumbnail hentry us_portfolio_category-muelloffensive us_portfolio_category-projekte\" data-id=\"537\">\r\n\t\t<div class=\"w-grid-item-h\">\r\n\t\t\t\t\t\t<div class=\"w-post-elm post_image usg_post_image_1 stretched\"><a href=\"https:\/\/www.zuhause-in-wersten.de\/index.php\/portfolio\/muelloffensive-in-wersten\/\" aria-label=\"M\u00fclloffensive in Wersten\"><img loading=\"lazy\" decoding=\"async\" width=\"1000\" height=\"716\" src=\"https:\/\/www.zuhause-in-wersten.de\/wp-content\/uploads\/2024\/07\/240724_Grafik-Muelloffensive-web-1024x733.jpg\" class=\"attachment-large size-large wp-post-image\" alt=\"\" srcset=\"https:\/\/www.zuhause-in-wersten.de\/wp-content\/uploads\/2024\/07\/240724_Grafik-Muelloffensive-web-1024x733.jpg 1024w, https:\/\/www.zuhause-in-wersten.de\/wp-content\/uploads\/2024\/07\/240724_Grafik-Muelloffensive-web-300x215.jpg 300w, https:\/\/www.zuhause-in-wersten.de\/wp-content\/uploads\/2024\/07\/240724_Grafik-Muelloffensive-web.jpg 1600w\" sizes=\"auto, (max-width: 1000px) 100vw, 1000px\" \/><\/a><\/div><h2 class=\"w-post-elm post_title usg_post_title_1 entry-title color_link_inherit\"><a href=\"https:\/\/www.zuhause-in-wersten.de\/index.php\/portfolio\/muelloffensive-in-wersten\/\">M\u00fclloffensive in Wersten<\/a><\/h2>\t\t<\/div>\r\n\t\t\t<\/article>\r\n\t<article class=\"w-grid-item size_1x1 post-501 us_portfolio type-us_portfolio status-publish has-post-thumbnail hentry us_portfolio_category-projekte\" data-id=\"501\">\r\n\t\t<div class=\"w-grid-item-h\">\r\n\t\t\t\t\t\t<div class=\"w-post-elm post_image usg_post_image_1 stretched\"><a href=\"https:\/\/www.zuhause-in-wersten.de\/index.php\/portfolio\/baklava-und-rhabarberkuchen\/\" aria-label=\"Baklava &#038; Rhabarberkuchen\"><img loading=\"lazy\" decoding=\"async\" width=\"1000\" height=\"673\" src=\"https:\/\/www.zuhause-in-wersten.de\/wp-content\/uploads\/2024\/07\/00-240718_Baklava-uRhabarberkuchen-240706-Li-web1600-1024x689.jpg\" class=\"attachment-large size-large wp-post-image\" alt=\"\" srcset=\"https:\/\/www.zuhause-in-wersten.de\/wp-content\/uploads\/2024\/07\/00-240718_Baklava-uRhabarberkuchen-240706-Li-web1600-1024x689.jpg 1024w, https:\/\/www.zuhause-in-wersten.de\/wp-content\/uploads\/2024\/07\/00-240718_Baklava-uRhabarberkuchen-240706-Li-web1600-300x202.jpg 300w, https:\/\/www.zuhause-in-wersten.de\/wp-content\/uploads\/2024\/07\/00-240718_Baklava-uRhabarberkuchen-240706-Li-web1600.jpg 1600w\" sizes=\"auto, (max-width: 1000px) 100vw, 1000px\" \/><\/a><\/div><h2 class=\"w-post-elm post_title usg_post_title_1 entry-title color_link_inherit\"><a href=\"https:\/\/www.zuhause-in-wersten.de\/index.php\/portfolio\/baklava-und-rhabarberkuchen\/\">Baklava &#038; Rhabarberkuchen<\/a><\/h2>\t\t<\/div>\r\n\t\t\t<\/article>\r\n\t<article class=\"w-grid-item size_1x1 post-373 us_portfolio type-us_portfolio status-publish has-post-thumbnail hentry us_portfolio_category-projekte\" data-id=\"373\">\r\n\t\t<div class=\"w-grid-item-h\">\r\n\t\t\t\t\t\t<div class=\"w-post-elm post_image usg_post_image_1 stretched\"><a href=\"https:\/\/www.zuhause-in-wersten.de\/index.php\/portfolio\/malking-leitet-muelloffensive-ein\/\" aria-label=\"\u201aMalking\u2018 leitet M\u00fclloffensive ein\"><img loading=\"lazy\" decoding=\"async\" width=\"1000\" height=\"716\" src=\"https:\/\/www.zuhause-in-wersten.de\/wp-content\/uploads\/2024\/07\/240523_Einladg-Malking-Kopie-2-1024x733.jpg\" class=\"attachment-large size-large wp-post-image\" alt=\"\" srcset=\"https:\/\/www.zuhause-in-wersten.de\/wp-content\/uploads\/2024\/07\/240523_Einladg-Malking-Kopie-2-1024x733.jpg 1024w, https:\/\/www.zuhause-in-wersten.de\/wp-content\/uploads\/2024\/07\/240523_Einladg-Malking-Kopie-2-300x215.jpg 300w, https:\/\/www.zuhause-in-wersten.de\/wp-content\/uploads\/2024\/07\/240523_Einladg-Malking-Kopie-2.jpg 1783w\" sizes=\"auto, (max-width: 1000px) 100vw, 1000px\" \/><\/a><\/div><h2 class=\"w-post-elm post_title usg_post_title_1 entry-title color_link_inherit\"><a href=\"https:\/\/www.zuhause-in-wersten.de\/index.php\/portfolio\/malking-leitet-muelloffensive-ein\/\">\u201aMalking\u2018 leitet M\u00fclloffensive ein<\/a><\/h2>\t\t<\/div>\r\n\t\t\t<\/article>\r\n\t<article class=\"w-grid-item size_1x1 post-353 us_portfolio type-us_portfolio status-publish has-post-thumbnail hentry us_portfolio_category-projekte\" data-id=\"353\">\r\n\t\t<div class=\"w-grid-item-h\">\r\n\t\t\t\t\t\t<div class=\"w-post-elm post_image usg_post_image_1 stretched\"><a href=\"https:\/\/www.zuhause-in-wersten.de\/index.php\/portfolio\/sommerfest-2024\/\" aria-label=\"Sommerfest 2024\"><img loading=\"lazy\" decoding=\"async\" width=\"1000\" height=\"658\" src=\"https:\/\/www.zuhause-in-wersten.de\/wp-content\/uploads\/2024\/07\/240615_Li-5-bearb-web-1024x674.jpg\" class=\"attachment-large size-large wp-post-image\" alt=\"\" srcset=\"https:\/\/www.zuhause-in-wersten.de\/wp-content\/uploads\/2024\/07\/240615_Li-5-bearb-web-1024x674.jpg 1024w, https:\/\/www.zuhause-in-wersten.de\/wp-content\/uploads\/2024\/07\/240615_Li-5-bearb-web-300x197.jpg 300w\" sizes=\"auto, (max-width: 1000px) 100vw, 1000px\" \/><\/a><\/div><h2 class=\"w-post-elm post_title usg_post_title_1 entry-title color_link_inherit\"><a href=\"https:\/\/www.zuhause-in-wersten.de\/index.php\/portfolio\/sommerfest-2024\/\">Sommerfest 2024<\/a><\/h2>\t\t<\/div>\r\n\t\t\t<\/article>\r\n\t<article class=\"w-grid-item size_1x1 post-413 us_portfolio type-us_portfolio status-publish has-post-thumbnail hentry us_portfolio_category-projekte\" data-id=\"413\">\r\n\t\t<div class=\"w-grid-item-h\">\r\n\t\t\t\t\t\t<div class=\"w-post-elm post_image usg_post_image_1 stretched\"><a href=\"https:\/\/www.zuhause-in-wersten.de\/index.php\/portfolio\/vom-traffohaeuschen-zum-graffiti-projekt\/\" aria-label=\"Vom Trafo-H\u00e4uschen zum Streetart-Projekt\"><img loading=\"lazy\" decoding=\"async\" width=\"1000\" height=\"575\" src=\"https:\/\/www.zuhause-in-wersten.de\/wp-content\/uploads\/2024\/07\/1_240705_Li-3-bearb-red-1600-1024x589.jpg\" class=\"attachment-large size-large wp-post-image\" alt=\"\" srcset=\"https:\/\/www.zuhause-in-wersten.de\/wp-content\/uploads\/2024\/07\/1_240705_Li-3-bearb-red-1600-1024x589.jpg 1024w, https:\/\/www.zuhause-in-wersten.de\/wp-content\/uploads\/2024\/07\/1_240705_Li-3-bearb-red-1600-300x173.jpg 300w, https:\/\/www.zuhause-in-wersten.de\/wp-content\/uploads\/2024\/07\/1_240705_Li-3-bearb-red-1600.jpg 1600w\" sizes=\"auto, (max-width: 1000px) 100vw, 1000px\" \/><\/a><\/div><h2 class=\"w-post-elm post_title usg_post_title_1 entry-title color_link_inherit\"><a href=\"https:\/\/www.zuhause-in-wersten.de\/index.php\/portfolio\/vom-traffohaeuschen-zum-graffiti-projekt\/\">Vom Trafo-H\u00e4uschen zum Streetart-Projekt<\/a><\/h2>\t\t<\/div>\r\n\t\t\t<\/article>\r\n\t<article class=\"w-grid-item size_1x1 post-521 us_portfolio type-us_portfolio status-publish has-post-thumbnail hentry us_portfolio_category-buergerbeteiligung us_portfolio_category-projekte\" data-id=\"521\">\r\n\t\t<div class=\"w-grid-item-h\">\r\n\t\t\t\t\t\t<div class=\"w-post-elm post_image usg_post_image_1 stretched\"><a href=\"https:\/\/www.zuhause-in-wersten.de\/index.php\/portfolio\/pixeldschungel\/\" aria-label=\"Pixeldschungel\"><img loading=\"lazy\" decoding=\"async\" width=\"1000\" height=\"563\" src=\"https:\/\/www.zuhause-in-wersten.de\/wp-content\/uploads\/2024\/07\/230918_Tiere-Skalieren-3-bearb2-red-1024x576.jpg\" class=\"attachment-large size-large wp-post-image\" alt=\"\" srcset=\"https:\/\/www.zuhause-in-wersten.de\/wp-content\/uploads\/2024\/07\/230918_Tiere-Skalieren-3-bearb2-red-1024x576.jpg 1024w, https:\/\/www.zuhause-in-wersten.de\/wp-content\/uploads\/2024\/07\/230918_Tiere-Skalieren-3-bearb2-red-300x169.jpg 300w\" sizes=\"auto, (max-width: 1000px) 100vw, 1000px\" \/><\/a><\/div><h2 class=\"w-post-elm post_title usg_post_title_1 entry-title color_link_inherit\"><a href=\"https:\/\/www.zuhause-in-wersten.de\/index.php\/portfolio\/pixeldschungel\/\">Pixeldschungel<\/a><\/h2>\t\t<\/div>\r\n\t\t\t<\/article>\r\n\t<article class=\"w-grid-item size_1x1 post-294 us_portfolio type-us_portfolio status-publish has-post-thumbnail hentry us_portfolio_category-buergerbeteiligung us_portfolio_category-muelloffensive us_portfolio_category-projekte\" data-id=\"294\">\r\n\t\t<div class=\"w-grid-item-h\">\r\n\t\t\t\t\t\t<div class=\"w-post-elm post_image usg_post_image_1 stretched\"><a href=\"https:\/\/www.zuhause-in-wersten.de\/index.php\/portfolio\/fruehlingsflohmarkt\/\" aria-label=\"Fr\u00fchlingsflohmarkt\"><img loading=\"lazy\" decoding=\"async\" width=\"1000\" height=\"750\" src=\"https:\/\/www.zuhause-in-wersten.de\/wp-content\/uploads\/2024\/05\/06_FruehlingsFlohmarkt-1024x768.jpg\" class=\"attachment-large size-large wp-post-image\" alt=\"\" srcset=\"https:\/\/www.zuhause-in-wersten.de\/wp-content\/uploads\/2024\/05\/06_FruehlingsFlohmarkt-1024x768.jpg 1024w, https:\/\/www.zuhause-in-wersten.de\/wp-content\/uploads\/2024\/05\/06_FruehlingsFlohmarkt-300x225.jpg 300w, https:\/\/www.zuhause-in-wersten.de\/wp-content\/uploads\/2024\/05\/06_FruehlingsFlohmarkt.jpg 1600w\" sizes=\"auto, (max-width: 1000px) 100vw, 1000px\" \/><\/a><\/div><h2 class=\"w-post-elm post_title usg_post_title_1 entry-title color_link_inherit\"><a href=\"https:\/\/www.zuhause-in-wersten.de\/index.php\/portfolio\/fruehlingsflohmarkt\/\">Fr\u00fchlingsflohmarkt<\/a><\/h2>\t\t<\/div>\r\n\t\t\t<\/article>\r\n\t<article class=\"w-grid-item size_1x1 post-182 us_portfolio type-us_portfolio status-publish has-post-thumbnail hentry us_portfolio_category-projekte\" data-id=\"182\">\r\n\t\t<div class=\"w-grid-item-h\">\r\n\t\t\t\t\t\t<div class=\"w-post-elm post_image usg_post_image_1 stretched\"><a href=\"https:\/\/www.zuhause-in-wersten.de\/index.php\/portfolio\/eingang-kita\/\" aria-label=\"Eingang Kita\"><img loading=\"lazy\" decoding=\"async\" width=\"1000\" height=\"660\" src=\"https:\/\/www.zuhause-in-wersten.de\/wp-content\/uploads\/2024\/04\/05_210126_6Perspekt-Skiz-ALLEs-bearb3-red-1500-1024x676-1.jpg\" class=\"attachment-large size-large wp-post-image\" alt=\"\" srcset=\"https:\/\/www.zuhause-in-wersten.de\/wp-content\/uploads\/2024\/04\/05_210126_6Perspekt-Skiz-ALLEs-bearb3-red-1500-1024x676-1.jpg 1024w, https:\/\/www.zuhause-in-wersten.de\/wp-content\/uploads\/2024\/04\/05_210126_6Perspekt-Skiz-ALLEs-bearb3-red-1500-1024x676-1-300x198.jpg 300w\" sizes=\"auto, (max-width: 1000px) 100vw, 1000px\" \/><\/a><\/div><h2 class=\"w-post-elm post_title usg_post_title_1 entry-title color_link_inherit\"><a href=\"https:\/\/www.zuhause-in-wersten.de\/index.php\/portfolio\/eingang-kita\/\">Eingang Kita<\/a><\/h2>\t\t<\/div>\r\n\t\t\t<\/article>\r\n\t<article class=\"w-grid-item size_1x1 post-173 us_portfolio type-us_portfolio status-publish has-post-thumbnail hentry us_portfolio_category-projekte\" data-id=\"173\">\r\n\t\t<div class=\"w-grid-item-h\">\r\n\t\t\t\t\t\t<div class=\"w-post-elm post_image usg_post_image_1 stretched\"><a href=\"https:\/\/www.zuhause-in-wersten.de\/index.php\/portfolio\/bodengrafik-blaue-saeulen\/\" aria-label=\"Bodengrafik Blaue S\u00e4ulen\"><img loading=\"lazy\" decoding=\"async\" width=\"1000\" height=\"635\" src=\"https:\/\/www.zuhause-in-wersten.de\/wp-content\/uploads\/2024\/04\/230826_Li-330-bearb-red-1024x650-1.jpg\" class=\"attachment-large size-large wp-post-image\" alt=\"\" srcset=\"https:\/\/www.zuhause-in-wersten.de\/wp-content\/uploads\/2024\/04\/230826_Li-330-bearb-red-1024x650-1.jpg 1024w, https:\/\/www.zuhause-in-wersten.de\/wp-content\/uploads\/2024\/04\/230826_Li-330-bearb-red-1024x650-1-300x190.jpg 300w\" sizes=\"auto, (max-width: 1000px) 100vw, 1000px\" \/><\/a><\/div><h2 class=\"w-post-elm post_title usg_post_title_1 entry-title color_link_inherit\"><a href=\"https:\/\/www.zuhause-in-wersten.de\/index.php\/portfolio\/bodengrafik-blaue-saeulen\/\">Bodengrafik Blaue S\u00e4ulen<\/a><\/h2>\t\t<\/div>\r\n\t\t\t<\/article>\r\n\t<article class=\"w-grid-item size_1x1 post-775 us_portfolio type-us_portfolio status-publish has-post-thumbnail hentry us_portfolio_category-projekte\" data-id=\"775\">\r\n\t\t<div class=\"w-grid-item-h\">\r\n\t\t\t\t\t\t<div class=\"w-post-elm post_image usg_post_image_1 stretched\"><a href=\"https:\/\/www.zuhause-in-wersten.de\/index.php\/portfolio\/100-euro-projekt-balkonbepflanzung\/\" aria-label=\"100-Euro-Projekt: Balkonbepflanzung\"><img loading=\"lazy\" decoding=\"async\" width=\"1000\" height=\"630\" src=\"https:\/\/www.zuhause-in-wersten.de\/wp-content\/uploads\/2024\/11\/3_231016_vSWD-bearb-web1600-1024x645.jpg\" class=\"attachment-large size-large wp-post-image\" alt=\"\" srcset=\"https:\/\/www.zuhause-in-wersten.de\/wp-content\/uploads\/2024\/11\/3_231016_vSWD-bearb-web1600-1024x645.jpg 1024w, https:\/\/www.zuhause-in-wersten.de\/wp-content\/uploads\/2024\/11\/3_231016_vSWD-bearb-web1600-300x189.jpg 300w, https:\/\/www.zuhause-in-wersten.de\/wp-content\/uploads\/2024\/11\/3_231016_vSWD-bearb-web1600.jpg 1600w\" sizes=\"auto, (max-width: 1000px) 100vw, 1000px\" \/><\/a><\/div><h2 class=\"w-post-elm post_title usg_post_title_1 entry-title color_link_inherit\"><a href=\"https:\/\/www.zuhause-in-wersten.de\/index.php\/portfolio\/100-euro-projekt-balkonbepflanzung\/\">100-Euro-Projekt: Balkonbepflanzung<\/a><\/h2>\t\t<\/div>\r\n\t\t\t<\/article>\r\n\t<article class=\"w-grid-item size_1x1 post-165 us_portfolio type-us_portfolio status-publish has-post-thumbnail hentry us_portfolio_category-muelloffensive us_portfolio_category-projekte\" data-id=\"165\">\r\n\t\t<div class=\"w-grid-item-h\">\r\n\t\t\t\t\t\t<div class=\"w-post-elm post_image usg_post_image_1 stretched\"><a href=\"https:\/\/www.zuhause-in-wersten.de\/index.php\/portfolio\/bienenblumen-statt-sperrmuell\/\" aria-label=\"Bienenblumen statt Sperrm\u00fcll\"><img loading=\"lazy\" decoding=\"async\" width=\"1000\" height=\"712\" src=\"https:\/\/www.zuhause-in-wersten.de\/wp-content\/uploads\/2024\/04\/200720_2Vorschlag-freigest-mStempel-bearb2-1500-1024x729-1.jpg\" class=\"attachment-large size-large wp-post-image\" alt=\"\" srcset=\"https:\/\/www.zuhause-in-wersten.de\/wp-content\/uploads\/2024\/04\/200720_2Vorschlag-freigest-mStempel-bearb2-1500-1024x729-1.jpg 1024w, https:\/\/www.zuhause-in-wersten.de\/wp-content\/uploads\/2024\/04\/200720_2Vorschlag-freigest-mStempel-bearb2-1500-1024x729-1-300x214.jpg 300w\" sizes=\"auto, (max-width: 1000px) 100vw, 1000px\" \/><\/a><\/div><h2 class=\"w-post-elm post_title usg_post_title_1 entry-title color_link_inherit\"><a href=\"https:\/\/www.zuhause-in-wersten.de\/index.php\/portfolio\/bienenblumen-statt-sperrmuell\/\">Bienenblumen statt Sperrm\u00fcll<\/a><\/h2>\t\t<\/div>\r\n\t\t\t<\/article>\r\n\t<article class=\"w-grid-item size_1x1 post-144 us_portfolio type-us_portfolio status-publish has-post-thumbnail hentry us_portfolio_category-projekte\" data-id=\"144\">\r\n\t\t<div class=\"w-grid-item-h\">\r\n\t\t\t\t\t\t<div class=\"w-post-elm post_image usg_post_image_1 stretched\"><a href=\"https:\/\/www.zuhause-in-wersten.de\/index.php\/portfolio\/tierfreundlicher-garten\/\" aria-label=\"Tierfreundlicher Garten\"><img loading=\"lazy\" decoding=\"async\" width=\"697\" height=\"1024\" src=\"https:\/\/www.zuhause-in-wersten.de\/wp-content\/uploads\/2024\/04\/04_Tierfreundlicher_Garten_Wersten-1-697x1024.jpg\" class=\"attachment-large size-large wp-post-image\" alt=\"\" srcset=\"https:\/\/www.zuhause-in-wersten.de\/wp-content\/uploads\/2024\/04\/04_Tierfreundlicher_Garten_Wersten-1-697x1024.jpg 697w, https:\/\/www.zuhause-in-wersten.de\/wp-content\/uploads\/2024\/04\/04_Tierfreundlicher_Garten_Wersten-1-204x300.jpg 204w, https:\/\/www.zuhause-in-wersten.de\/wp-content\/uploads\/2024\/04\/04_Tierfreundlicher_Garten_Wersten-1.jpg 1500w\" sizes=\"auto, (max-width: 697px) 100vw, 697px\" \/><\/a><\/div><h2 class=\"w-post-elm post_title usg_post_title_1 entry-title color_link_inherit\"><a href=\"https:\/\/www.zuhause-in-wersten.de\/index.php\/portfolio\/tierfreundlicher-garten\/\">Tierfreundlicher Garten<\/a><\/h2>\t\t<\/div>\r\n\t\t\t<\/article>\r\n<\/div>\t<div class=\"w-grid-preloader\">\r\n\t\t<div class=\"g-preloader type_1\">\r\n\t\t\t<div><\/div>\r\n\t\t<\/div>\r\n\t<\/div>\r\n\t\t<div class=\"w-grid-json hidden\" onclick='return {&quot;action&quot;:&quot;us_ajax_grid&quot;,&quot;infinite_scroll&quot;:0,&quot;max_num_pages&quot;:2,&quot;pagination&quot;:&quot;none&quot;,&quot;template_vars&quot;:{&quot;columns&quot;:&quot;3&quot;,&quot;exclude_items&quot;:&quot;none&quot;,&quot;img_size&quot;:&quot;default&quot;,&quot;ignore_items_size&quot;:0,&quot;items_layout&quot;:&quot;27&quot;,&quot;items_offset&quot;:&quot;1&quot;,&quot;load_animation&quot;:&quot;none&quot;,&quot;overriding_link&quot;:&quot;%7B%22url%22%3A%22%22%7D&quot;,&quot;post_id&quot;:0,&quot;query_args&quot;:{&quot;post_type&quot;:[&quot;us_portfolio&quot;],&quot;tax_query&quot;:[{&quot;taxonomy&quot;:&quot;us_portfolio_category&quot;,&quot;field&quot;:&quot;slug&quot;,&quot;terms&quot;:[&quot;projekte&quot;]}],&quot;post_status&quot;:[&quot;publish&quot;],&quot;posts_per_page&quot;:&quot;50&quot;},&quot;orderby_query_args&quot;:{&quot;orderby&quot;:{&quot;date&quot;:&quot;DESC&quot;}},&quot;type&quot;:&quot;masonry&quot;,&quot;us_grid_post_type&quot;:&quot;us_portfolio&quot;,&quot;us_grid_ajax_index&quot;:1,&quot;us_grid_filter_query_string&quot;:null,&quot;us_grid_index&quot;:1,&quot;page_args&quot;:[]}}'><\/div>\r\n\t<\/div><\/div><\/div><\/div><\/div><\/div><\/section>\n","protected":false},"excerpt":{"rendered":"Tierfreundlicher GartenEin 100-Euro-Projekt im Garten hinter einem Mehrfamilienhaus an der Dabringhauser Stra\u00dfe: ein Junge hatte viele Ideen, um den Garten attraktiver f\u00fcr Tiere zu gestalten. Mit seinen Ideen \u00fcberzeugte er auf Anhieb das Quartiersmanagement &#8211; und durfte 100 Euro f\u00fcr sein Gartenprojekt ausgeben. Das Geld hat er sehr clever eingesetzt: der Betrag erm\u00f6glichte ein Igelhaus,...","protected":false},"author":1,"featured_media":81,"parent":0,"menu_order":0,"comment_status":"closed","ping_status":"closed","template":"","meta":{"footnotes":""},"class_list":["post-16","page","type-page","status-publish","has-post-thumbnail","hentry"],"_links":{"self":[{"href":"https:\/\/www.zuhause-in-wersten.de\/index.php\/wp-json\/wp\/v2\/pages\/16","targetHints":{"allow":["GET"]}}],"collection":[{"href":"https:\/\/www.zuhause-in-wersten.de\/index.php\/wp-json\/wp\/v2\/pages"}],"about":[{"href":"https:\/\/www.zuhause-in-wersten.de\/index.php\/wp-json\/wp\/v2\/types\/page"}],"author":[{"embeddable":true,"href":"https:\/\/www.zuhause-in-wersten.de\/index.php\/wp-json\/wp\/v2\/users\/1"}],"replies":[{"embeddable":true,"href":"https:\/\/www.zuhause-in-wersten.de\/index.php\/wp-json\/wp\/v2\/comments?post=16"}],"version-history":[{"count":19,"href":"https:\/\/www.zuhause-in-wersten.de\/index.php\/wp-json\/wp\/v2\/pages\/16\/revisions"}],"predecessor-version":[{"id":484,"href":"https:\/\/www.zuhause-in-wersten.de\/index.php\/wp-json\/wp\/v2\/pages\/16\/revisions\/484"}],"wp:featuredmedia":[{"embeddable":true,"href":"https:\/\/www.zuhause-in-wersten.de\/index.php\/wp-json\/wp\/v2\/media\/81"}],"wp:attachment":[{"href":"https:\/\/www.zuhause-in-wersten.de\/index.php\/wp-json\/wp\/v2\/media?parent=16"}],"curies":[{"name":"wp","href":"https:\/\/api.w.org\/{rel}","templated":true}]}}